{"id":200,"date":"2020-12-16T04:20:51","date_gmt":"2020-12-16T04:20:51","guid":{"rendered":"https:\/\/gaviaspreview.com\/wp\/paroti\/?post_type=gva_team&#038;p=200"},"modified":"2026-04-13T10:46:45","modified_gmt":"2026-04-13T10:46:45","slug":"testimonials","status":"publish","type":"page","link":"https:\/\/autistasdemexico.org\/index.php\/testimonials\/","title":{"rendered":"Testimonials"},"content":{"rendered":"\t\t<div data-elementor-type=\"wp-page\" data-elementor-id=\"200\" class=\"elementor elementor-200\">\n\t\t\t\t\t\t<section class=\"elementor-section elementor-top-section elementor-element elementor-element-836f3dd elementor-section-boxed elementor-section-height-default elementor-section-height-default\" data-id=\"836f3dd\" data-element_type=\"section\" data-e-type=\"section\" data-settings=\"{&quot;background_background&quot;:&quot;classic&quot;,&quot;tmea_bg_effects_enable&quot;:&quot;yes&quot;,&quot;tmea_bg_effects_preview&quot;:&quot;yes&quot;,&quot;tmea_bg_effects_selected&quot;:&quot;birds&quot;,&quot;tmea_bg_effects_bird_size&quot;:1,&quot;tmea_bg_effects_quantity&quot;:4,&quot;tmea_bg_effects_speed_limit&quot;:5,&quot;tmea_shape_divider_top&quot;:&quot;none&quot;,&quot;tmea_shape_divider_bottom&quot;:&quot;none&quot;}\">\n\t\t\t\t\t\t\t<div class=\"elementor-background-overlay\"><\/div>\n\t\t\t\t\t\t\t<div class=\"elementor-container elementor-column-gap-default\">\n\t\t\t\t\t<div class=\"elementor-column elementor-col-100 elementor-top-column elementor-element elementor-element-305f519\" data-id=\"305f519\" data-element_type=\"column\" data-e-type=\"column\">\n\t\t\t<div class=\"elementor-widget-wrap elementor-element-populated\">\n\t\t\t\t\n\t\t<div class=\"elementor-element elementor-element-cd300cf elementor-widget elementor-widget-gva-heading-block\" data-id=\"cd300cf\" data-element_type=\"widget\" data-e-type=\"widget\" data-widget_type=\"gva-heading-block.default\">\n\t\t\t\t<div class=\"elementor-widget-container\">\n\t\t\t\t\t<div class=\"gva-element-gva-heading-block gva-element\">   <div class=\"align-left style-1 widget gsc-heading box-align-left auto-responsive\">\r\n      <div class=\"content-inner\">\r\n         \r\n                  \r\n           \r\n         \r\n                     <h2 class=\"title\">\r\n               <span>Informaci\u00f3n<\/span>\r\n            <\/h2>\r\n                  \r\n                     <div class=\"title-desc\">Aqu\u00ed encontraras informaci\u00f3n detallada sobre el autismo<\/div>\r\n         \r\n         \r\n      <\/div>\r\n   <\/div>\r\n<\/div>\t\t\t\t<\/div>\n\t\t\t\t<\/div>\n\t\t\t\t\t<\/div>\n\t\t<\/div>\n\t\t\t\t\t<\/div>\n\t\t<\/section>\n\t\t\t\t<section class=\"elementor-section elementor-top-section elementor-element elementor-element-5b6ff11 elementor-section-boxed elementor-section-height-default elementor-section-height-default\" data-id=\"5b6ff11\" data-element_type=\"section\" data-e-type=\"section\" data-settings=\"{&quot;background_background&quot;:&quot;classic&quot;,&quot;tmea_shape_divider_top&quot;:&quot;none&quot;,&quot;tmea_shape_divider_bottom&quot;:&quot;none&quot;}\">\n\t\t\t\t\t\t<div class=\"elementor-container elementor-column-gap-default\">\n\t\t\t\t\t<div class=\"elementor-column elementor-col-50 elementor-top-column elementor-element elementor-element-8478b7b\" data-id=\"8478b7b\" data-element_type=\"column\" data-e-type=\"column\">\n\t\t\t<div class=\"elementor-widget-wrap elementor-element-populated\">\n\t\t\t\t\t\t<div class=\"elementor-element elementor-element-5016f11 elementor-widget elementor-widget-gva-heading-block\" data-id=\"5016f11\" data-element_type=\"widget\" data-e-type=\"widget\" data-settings=\"{&quot;_animation&quot;:&quot;none&quot;}\" data-widget_type=\"gva-heading-block.default\">\n\t\t\t\t<div class=\"elementor-widget-container\">\n\t\t\t\t\t<div class=\"gva-element-gva-heading-block gva-element\">   <div class=\"align-left style-1 widget gsc-heading box-align-left auto-responsive\">\r\n      <div class=\"content-inner\">\r\n         \r\n                  \r\n         <div class=\"sub-title\"><span class=\"tagline\">Ad\u00e9ntrate<\/span><\/div>  \r\n         \r\n                     <h2 class=\"title\">\r\n               <span>Celebramos La Neurodiversidad<\/span>\r\n            <\/h2>\r\n                  \r\n                     <div class=\"title-desc\">Informamos desde la voz autista: entender el autismo desde la neurodiversidad no niega dificultades, dignifica a las personas. Reconocer estas experiencias transforma la comprensi\u00f3n social y promueve respeto, derechos e inclusi\u00f3n real.<\/div>\r\n         \r\n         \r\n      <\/div>\r\n   <\/div>\r\n<\/div>\t\t\t\t<\/div>\n\t\t\t\t<\/div>\n\t\t\t\t<div class=\"elementor-element elementor-element-30ace5c elementor-widget elementor-widget-testimonial\" data-id=\"30ace5c\" data-element_type=\"widget\" data-e-type=\"widget\" data-widget_type=\"testimonial.default\">\n\t\t\t\t<div class=\"elementor-widget-container\">\n\t\t\t\t\t\t\t<div class=\"elementor-testimonial-wrapper\">\n\t\t\t\t\t\t\t<div class=\"elementor-testimonial-content\"><i class=\"micon-quotes\"><\/I>Hay que concientizar al mundo, que el mundo sepa que es el autismo, no es una enfermedad que debe curarse.<\/div>\n\t\t\t\n\t\t\t\t\t\t<div class=\"elementor-testimonial-meta elementor-has-image elementor-testimonial-image-position-aside\">\n\t\t\t\t<div class=\"elementor-testimonial-meta-inner\">\n\t\t\t\t\t\t\t\t\t\t\t<div class=\"elementor-testimonial-image\">\n\t\t\t\t\t\t\t<img fetchpriority=\"high\" decoding=\"async\" width=\"700\" height=\"700\" src=\"https:\/\/autistasdemexico.org\/wp-content\/uploads\/2025\/01\/382598348_302947052450978_6940300909624256991_n-e1760231093512.jpg\" class=\"attachment-full size-full wp-image-1947\" alt=\"\" \/>\t\t\t\t\t\t<\/div>\n\t\t\t\t\t\n\t\t\t\t\t\t\t\t\t\t<div class=\"elementor-testimonial-details\">\n\t\t\t\t\t\t\t\t\t\t\t\t\t\t<div class=\"elementor-testimonial-name\">Yadira Garc\u00eda<\/div>\n\t\t\t\t\t\t\t\t\t\t\t\t\t\t\t\t\t\t\t\t\t\t<div class=\"elementor-testimonial-job\">Presidenta Fundadora<\/div>\n\t\t\t\t\t\t\t\t\t\t\t\t\t<\/div>\n\t\t\t\t\t\t\t\t\t<\/div>\n\t\t\t<\/div>\n\t\t\t\t\t<\/div>\n\t\t\t\t\t\t<\/div>\n\t\t\t\t<\/div>\n\t\t\t\t\t<\/div>\n\t\t<\/div>\n\t\t\t\t<div class=\"elementor-column elementor-col-50 elementor-top-column elementor-element elementor-element-05e388c\" data-id=\"05e388c\" data-element_type=\"column\" data-e-type=\"column\">\n\t\t\t<div class=\"elementor-widget-wrap elementor-element-populated\">\n\t\t\t\t\t\t<section class=\"elementor-section elementor-inner-section elementor-element elementor-element-57ff4ac elementor-section-boxed elementor-section-height-default elementor-section-height-default\" data-id=\"57ff4ac\" data-element_type=\"section\" data-e-type=\"section\" data-settings=\"{&quot;tmea_shape_divider_top&quot;:&quot;none&quot;,&quot;tmea_shape_divider_bottom&quot;:&quot;none&quot;}\">\n\t\t\t\t\t\t<div class=\"elementor-container elementor-column-gap-default\">\n\t\t\t\t\t<div class=\"elementor-column elementor-col-50 elementor-inner-column elementor-element elementor-element-6905d67\" data-id=\"6905d67\" data-element_type=\"column\" data-e-type=\"column\">\n\t\t\t<div class=\"elementor-widget-wrap elementor-element-populated\">\n\t\t\t\t\t\t<div class=\"elementor-element elementor-element-389c4c0 elementor-widget elementor-widget-gva-icon-box-styles\" data-id=\"389c4c0\" data-element_type=\"widget\" data-e-type=\"widget\" data-widget_type=\"gva-icon-box-styles.default\">\n\t\t\t\t<div class=\"elementor-widget-container\">\n\t\t\t\t\t<div class=\"gva-element-gva-icon-box-styles gva-element\">\r\n         <div class=\"widget gsc-icon-box-styles style-1 \">\r\n         <div class=\"icon-box-content\">\r\n           \r\n                           <div class=\"icon-inner\">\r\n                  <span>\r\n                     <i aria-hidden=\"true\" class=\" paicon-peace-1\"><\/i>                  <\/span>\r\n               <\/div>\r\n            \r\n            <div class=\"box-content\">\r\n                                 <h3 class=\"title\">\r\n                     Diversidad                  <\/h3>\r\n                                                <div class=\"desc\">TODOS SOMOS \u00daNICOS<\/div>\r\n                           <\/div>\r\n         <\/div> \r\n               <\/div>   \r\n   \r\n   <\/div>\t\t\t\t<\/div>\n\t\t\t\t<\/div>\n\t\t\t\t\t<\/div>\n\t\t<\/div>\n\t\t\t\t<div class=\"elementor-column elementor-col-50 elementor-inner-column elementor-element elementor-element-901ae78\" data-id=\"901ae78\" data-element_type=\"column\" data-e-type=\"column\">\n\t\t\t<div class=\"elementor-widget-wrap elementor-element-populated\">\n\t\t\t\t\t\t<div class=\"elementor-element elementor-element-436c83d elementor-widget elementor-widget-gva-icon-box-styles\" data-id=\"436c83d\" data-element_type=\"widget\" data-e-type=\"widget\" data-widget_type=\"gva-icon-box-styles.default\">\n\t\t\t\t<div class=\"elementor-widget-container\">\n\t\t\t\t\t<div class=\"gva-element-gva-icon-box-styles gva-element\">\r\n         <div class=\"widget gsc-icon-box-styles style-1 \">\r\n         <div class=\"icon-box-content\">\r\n           \r\n                           <div class=\"icon-inner\">\r\n                  <span>\r\n                     <i aria-hidden=\"true\" class=\" paicon-praying\"><\/i>                  <\/span>\r\n               <\/div>\r\n            \r\n            <div class=\"box-content\">\r\n                                 <h3 class=\"title\">\r\n                     Respeto                  <\/h3>\r\n                                                <div class=\"desc\">RECONOCER Y VALORAR<\/div>\r\n                           <\/div>\r\n         <\/div> \r\n               <\/div>   \r\n   \r\n   <\/div>\t\t\t\t<\/div>\n\t\t\t\t<\/div>\n\t\t\t\t\t<\/div>\n\t\t<\/div>\n\t\t\t\t\t<\/div>\n\t\t<\/section>\n\t\t\t\t<section class=\"elementor-section elementor-inner-section elementor-element elementor-element-724dcb4 elementor-section-boxed elementor-section-height-default elementor-section-height-default\" data-id=\"724dcb4\" data-element_type=\"section\" data-e-type=\"section\" data-settings=\"{&quot;tmea_shape_divider_top&quot;:&quot;none&quot;,&quot;tmea_shape_divider_bottom&quot;:&quot;none&quot;}\">\n\t\t\t\t\t\t<div class=\"elementor-container elementor-column-gap-default\">\n\t\t\t\t\t<div class=\"elementor-column elementor-col-50 elementor-inner-column elementor-element elementor-element-8df210f\" data-id=\"8df210f\" data-element_type=\"column\" data-e-type=\"column\">\n\t\t\t<div class=\"elementor-widget-wrap elementor-element-populated\">\n\t\t\t\t\t\t<div class=\"elementor-element elementor-element-5a6d81e elementor-widget elementor-widget-gva-icon-box-styles\" data-id=\"5a6d81e\" data-element_type=\"widget\" data-e-type=\"widget\" data-widget_type=\"gva-icon-box-styles.default\">\n\t\t\t\t<div class=\"elementor-widget-container\">\n\t\t\t\t\t<div class=\"gva-element-gva-icon-box-styles gva-element\">\r\n         <div class=\"widget gsc-icon-box-styles style-1 \">\r\n         <div class=\"icon-box-content\">\r\n           \r\n                           <div class=\"icon-inner\">\r\n                  <span>\r\n                     <i aria-hidden=\"true\" class=\" paicon-peace\"><\/i>                  <\/span>\r\n               <\/div>\r\n            \r\n            <div class=\"box-content\">\r\n                                 <h3 class=\"title\">\r\n                     Inclusi\u00f3n                  <\/h3>\r\n                                                <div class=\"desc\">CAMBIAR MENTALIDAD<\/div>\r\n                           <\/div>\r\n         <\/div> \r\n               <\/div>   \r\n   \r\n   <\/div>\t\t\t\t<\/div>\n\t\t\t\t<\/div>\n\t\t\t\t\t<\/div>\n\t\t<\/div>\n\t\t\t\t<div class=\"elementor-column elementor-col-50 elementor-inner-column elementor-element elementor-element-c795e62\" data-id=\"c795e62\" data-element_type=\"column\" data-e-type=\"column\">\n\t\t\t<div class=\"elementor-widget-wrap elementor-element-populated\">\n\t\t\t\t\t\t<div class=\"elementor-element elementor-element-88bdb42 elementor-widget elementor-widget-gva-icon-box-styles\" data-id=\"88bdb42\" data-element_type=\"widget\" data-e-type=\"widget\" data-widget_type=\"gva-icon-box-styles.default\">\n\t\t\t\t<div class=\"elementor-widget-container\">\n\t\t\t\t\t<div class=\"gva-element-gva-icon-box-styles gva-element\">\r\n         <div class=\"widget gsc-icon-box-styles style-1 \">\r\n         <div class=\"icon-box-content\">\r\n           \r\n                           <div class=\"icon-inner\">\r\n                  <span>\r\n                     <i aria-hidden=\"true\" class=\" paicon-peace-1\"><\/i>                  <\/span>\r\n               <\/div>\r\n            \r\n            <div class=\"box-content\">\r\n                                 <h3 class=\"title\">\r\n                     Comprensi\u00f3n                  <\/h3>\r\n                                                <div class=\"desc\">ESCUCHAR Y APRENDER<\/div>\r\n                           <\/div>\r\n         <\/div> \r\n               <\/div>   \r\n   \r\n   <\/div>\t\t\t\t<\/div>\n\t\t\t\t<\/div>\n\t\t\t\t\t<\/div>\n\t\t<\/div>\n\t\t\t\t\t<\/div>\n\t\t<\/section>\n\t\t\t\t\t<\/div>\n\t\t<\/div>\n\t\t\t\t\t<\/div>\n\t\t<\/section>\n\t\t\t\t<section class=\"elementor-section elementor-top-section elementor-element elementor-element-1967cf2 elementor-section-boxed elementor-section-height-default elementor-section-height-default\" data-id=\"1967cf2\" data-element_type=\"section\" data-e-type=\"section\" data-settings=\"{&quot;tmea_shape_divider_top&quot;:&quot;none&quot;,&quot;tmea_shape_divider_bottom&quot;:&quot;none&quot;}\">\n\t\t\t\t\t\t<div class=\"elementor-container elementor-column-gap-default\">\n\t\t\t\t\t<div class=\"elementor-column elementor-col-100 elementor-top-column elementor-element elementor-element-5c158f7\" data-id=\"5c158f7\" data-element_type=\"column\" data-e-type=\"column\">\n\t\t\t<div class=\"elementor-widget-wrap\">\n\t\t\t\t\t\t\t<\/div>\n\t\t<\/div>\n\t\t\t\t\t<\/div>\n\t\t<\/section>\n\t\t\t\t<section class=\"elementor-section elementor-top-section elementor-element elementor-element-7cb25231 elementor-section-content-middle elementor-section-full_width elementor-section-height-default elementor-section-height-default\" data-id=\"7cb25231\" data-element_type=\"section\" data-e-type=\"section\" data-settings=\"{&quot;background_background&quot;:&quot;classic&quot;,&quot;tmea_shape_divider_top&quot;:&quot;none&quot;,&quot;tmea_shape_divider_bottom&quot;:&quot;none&quot;}\">\n\t\t\t\t\t\t<div class=\"elementor-container elementor-column-gap-no\">\n\t\t\t\t\t<div class=\"elementor-column elementor-col-50 elementor-top-column elementor-element elementor-element-3e53b5e0\" data-id=\"3e53b5e0\" data-element_type=\"column\" data-e-type=\"column\">\n\t\t\t<div class=\"elementor-widget-wrap elementor-element-populated\">\n\t\t\t\t\t\t<div class=\"elementor-element elementor-element-3cc17394 elementor-widget elementor-widget-tme-heading\" data-id=\"3cc17394\" data-element_type=\"widget\" data-e-type=\"widget\" data-widget_type=\"tme-heading.default\">\n\t\t\t\t<div class=\"elementor-widget-container\">\n\t\t\t\t\t<h2 class=\"tme-heading\"><span>Ent\u00e9rate<\/span><\/h2>\t\t\t\t<\/div>\n\t\t\t\t<\/div>\n\t\t\t\t<div class=\"elementor-element elementor-element-37e892a9 elementor-widget elementor-widget-tme-heading\" data-id=\"37e892a9\" data-element_type=\"widget\" data-e-type=\"widget\" data-widget_type=\"tme-heading.default\">\n\t\t\t\t<div class=\"elementor-widget-container\">\n\t\t\t\t\t<h2 class=\"tme-heading\"><span>\u00bfQu\u00e9 es el autismo?<\/span><\/h2>\t\t\t\t<\/div>\n\t\t\t\t<\/div>\n\t\t\t\t<div class=\"elementor-element elementor-element-6a1d0ad9 elementor-widget elementor-widget-tme-heading\" data-id=\"6a1d0ad9\" data-element_type=\"widget\" data-e-type=\"widget\" data-widget_type=\"tme-heading.default\">\n\t\t\t\t<div class=\"elementor-widget-container\">\n\t\t\t\t\t<p class=\"tme-heading\"><span>El autismo ha sido rodeado de mucha desinformaci\u00f3n y estereotipos, aunque muchas veces se llega a esta palabra desde el abordaje incorrecto, nostros estamos aqu\u00ed para ayudarte a entenderlo. <br>El autismo es una forma \u00fanica de experimentar el mundo. Cada persona autista tiene sus propias fortalezas y desaf\u00edos. No es una enfermedad que necesite ser \u201ccurada\u201d, sino una parte valiosa de la diversidad humana.<\/span><\/p>\t\t\t\t<\/div>\n\t\t\t\t<\/div>\n\t\t\t\t\t<\/div>\n\t\t<\/div>\n\t\t\t\t<div class=\"elementor-column elementor-col-50 elementor-top-column elementor-element elementor-element-47cb0d34\" data-id=\"47cb0d34\" data-element_type=\"column\" data-e-type=\"column\">\n\t\t\t<div class=\"elementor-widget-wrap\">\n\t\t\t\t\t\t\t<\/div>\n\t\t<\/div>\n\t\t\t\t\t<\/div>\n\t\t<\/section>\n\t\t\t\t<section class=\"elementor-section elementor-top-section elementor-element elementor-element-2189304 elementor-section-boxed elementor-section-height-default elementor-section-height-default\" data-id=\"2189304\" data-element_type=\"section\" data-e-type=\"section\" data-settings=\"{&quot;tmea_shape_divider_top&quot;:&quot;none&quot;,&quot;tmea_shape_divider_bottom&quot;:&quot;none&quot;}\">\n\t\t\t\t\t\t<div class=\"elementor-container elementor-column-gap-default\">\n\t\t\t\t\t<div class=\"elementor-column elementor-col-100 elementor-top-column elementor-element elementor-element-8b88e54\" data-id=\"8b88e54\" data-element_type=\"column\" data-e-type=\"column\">\n\t\t\t<div class=\"elementor-widget-wrap elementor-element-populated\">\n\t\t\t\t\t\t<div class=\"elementor-element elementor-element-1df4eb8 elementor-widget elementor-widget-spacer\" data-id=\"1df4eb8\" data-element_type=\"widget\" data-e-type=\"widget\" data-widget_type=\"spacer.default\">\n\t\t\t\t<div class=\"elementor-widget-container\">\n\t\t\t\t\t\t\t<div class=\"elementor-spacer\">\n\t\t\t<div class=\"elementor-spacer-inner\"><\/div>\n\t\t<\/div>\n\t\t\t\t\t\t<\/div>\n\t\t\t\t<\/div>\n\t\t\t\t\t<\/div>\n\t\t<\/div>\n\t\t\t\t\t<\/div>\n\t\t<\/section>\n\t\t\t\t<section class=\"elementor-section elementor-top-section elementor-element elementor-element-e0e63b5 elementor-section-boxed elementor-section-height-default elementor-section-height-default\" data-id=\"e0e63b5\" data-element_type=\"section\" data-e-type=\"section\" data-settings=\"{&quot;tmea_shape_divider_top&quot;:&quot;none&quot;,&quot;tmea_shape_divider_bottom&quot;:&quot;none&quot;}\">\n\t\t\t\t\t\t<div class=\"elementor-container elementor-column-gap-default\">\n\t\t\t\t\t<div class=\"elementor-column elementor-col-100 elementor-top-column elementor-element elementor-element-dd62b4d\" data-id=\"dd62b4d\" data-element_type=\"column\" data-e-type=\"column\">\n\t\t\t<div class=\"elementor-widget-wrap\">\n\t\t\t\t\t\t\t<\/div>\n\t\t<\/div>\n\t\t\t\t\t<\/div>\n\t\t<\/section>\n\t\t\t\t<section class=\"elementor-section elementor-top-section elementor-element elementor-element-4a74bc3 elementor-section-boxed elementor-section-height-default elementor-section-height-default\" data-id=\"4a74bc3\" data-element_type=\"section\" data-e-type=\"section\" data-settings=\"{&quot;tmea_shape_divider_top&quot;:&quot;none&quot;,&quot;tmea_shape_divider_bottom&quot;:&quot;none&quot;}\">\n\t\t\t\t\t\t<div class=\"elementor-container elementor-column-gap-default\">\n\t\t\t\t\t<div class=\"elementor-column elementor-col-100 elementor-top-column elementor-element elementor-element-0cad06a\" data-id=\"0cad06a\" data-element_type=\"column\" data-e-type=\"column\">\n\t\t\t<div class=\"elementor-widget-wrap elementor-element-populated\">\n\t\t\t\t\t\t<div class=\"elementor-element elementor-element-f57e436 elementor-widget elementor-widget-gva-heading-block\" data-id=\"f57e436\" data-element_type=\"widget\" data-e-type=\"widget\" data-widget_type=\"gva-heading-block.default\">\n\t\t\t\t<div class=\"elementor-widget-container\">\n\t\t\t\t\t<div class=\"gva-element-gva-heading-block gva-element\">   <div class=\"align-center style-1 widget gsc-heading box-align-left auto-responsive\">\r\n      <div class=\"content-inner\">\r\n         \r\n                  \r\n           \r\n         \r\n                     <h2 class=\"title\">\r\n               <span>Enterate de Todo<\/span>\r\n            <\/h2>\r\n                  \r\n                     <div class=\"title-desc\">En esta entrevista con Ryan Hoffman, nuestra presidenta fundadora Yadira Garc\u00eda nos cuenta todo lo que tienes que saber sobre el autismo.<\/div>\r\n         \r\n         \r\n      <\/div>\r\n   <\/div>\r\n<\/div>\t\t\t\t<\/div>\n\t\t\t\t<\/div>\n\t\t\t\t\t<\/div>\n\t\t<\/div>\n\t\t\t\t\t<\/div>\n\t\t<\/section>\n\t\t\t\t<section class=\"elementor-section elementor-top-section elementor-element elementor-element-4e7af37 elementor-section-boxed elementor-section-height-default elementor-section-height-default\" data-id=\"4e7af37\" data-element_type=\"section\" data-e-type=\"section\" data-settings=\"{&quot;tmea_shape_divider_top&quot;:&quot;none&quot;,&quot;tmea_shape_divider_bottom&quot;:&quot;none&quot;}\">\n\t\t\t\t\t\t<div class=\"elementor-container elementor-column-gap-default\">\n\t\t\t\t\t<div class=\"elementor-column elementor-col-100 elementor-top-column elementor-element elementor-element-fb834fa\" data-id=\"fb834fa\" data-element_type=\"column\" data-e-type=\"column\">\n\t\t\t<div class=\"elementor-widget-wrap elementor-element-populated\">\n\t\t\t\t\t\t<div class=\"elementor-element elementor-element-dc6c746 elementor-widget elementor-widget-video\" data-id=\"dc6c746\" data-element_type=\"widget\" data-e-type=\"widget\" data-settings=\"{&quot;youtube_url&quot;:&quot;https:\\\/\\\/www.youtube.com\\\/watch?v=ME_lNmd4kb0&quot;,&quot;video_type&quot;:&quot;youtube&quot;,&quot;controls&quot;:&quot;yes&quot;}\" data-widget_type=\"video.default\">\n\t\t\t\t<div class=\"elementor-widget-container\">\n\t\t\t\t\t\t\t<div class=\"elementor-wrapper elementor-open-inline\">\n\t\t\t<div class=\"elementor-video\"><\/div>\t\t<\/div>\n\t\t\t\t\t\t<\/div>\n\t\t\t\t<\/div>\n\t\t\t\t\t<\/div>\n\t\t<\/div>\n\t\t\t\t\t<\/div>\n\t\t<\/section>\n\t\t\t\t<section class=\"elementor-section elementor-top-section elementor-element elementor-element-8657bb3 elementor-section-boxed elementor-section-height-default elementor-section-height-default\" data-id=\"8657bb3\" data-element_type=\"section\" data-e-type=\"section\" data-settings=\"{&quot;tmea_shape_divider_top&quot;:&quot;none&quot;,&quot;tmea_shape_divider_bottom&quot;:&quot;none&quot;}\">\n\t\t\t\t\t\t<div class=\"elementor-container elementor-column-gap-default\">\n\t\t\t\t\t<div class=\"elementor-column elementor-col-100 elementor-top-column elementor-element elementor-element-ce69534\" data-id=\"ce69534\" data-element_type=\"column\" data-e-type=\"column\">\n\t\t\t<div class=\"elementor-widget-wrap elementor-element-populated\">\n\t\t\t\t\t\t<div class=\"elementor-element elementor-element-9cb7a23 elementor-widget elementor-widget-spacer\" data-id=\"9cb7a23\" data-element_type=\"widget\" data-e-type=\"widget\" data-widget_type=\"spacer.default\">\n\t\t\t\t<div class=\"elementor-widget-container\">\n\t\t\t\t\t\t\t<div class=\"elementor-spacer\">\n\t\t\t<div class=\"elementor-spacer-inner\"><\/div>\n\t\t<\/div>\n\t\t\t\t\t\t<\/div>\n\t\t\t\t<\/div>\n\t\t\t\t\t<\/div>\n\t\t<\/div>\n\t\t\t\t\t<\/div>\n\t\t<\/section>\n\t\t\t\t<section class=\"elementor-section elementor-top-section elementor-element elementor-element-242817c elementor-section-boxed elementor-section-height-default elementor-section-height-default\" data-id=\"242817c\" data-element_type=\"section\" data-e-type=\"section\" data-settings=\"{&quot;tmea_shape_divider_top&quot;:&quot;none&quot;,&quot;tmea_shape_divider_bottom&quot;:&quot;none&quot;}\">\n\t\t\t\t\t\t<div class=\"elementor-container elementor-column-gap-default\">\n\t\t\t\t\t<div class=\"elementor-column elementor-col-100 elementor-top-column elementor-element elementor-element-16c0c0a\" data-id=\"16c0c0a\" data-element_type=\"column\" data-e-type=\"column\">\n\t\t\t<div class=\"elementor-widget-wrap elementor-element-populated\">\n\t\t\t\t\t\t<div class=\"elementor-element elementor-element-0751050 elementor-widget elementor-widget-gva-heading-block\" data-id=\"0751050\" data-element_type=\"widget\" data-e-type=\"widget\" data-widget_type=\"gva-heading-block.default\">\n\t\t\t\t<div class=\"elementor-widget-container\">\n\t\t\t\t\t<div class=\"gva-element-gva-heading-block gva-element\">   <div class=\"align-center style-1 widget gsc-heading box-align-left auto-responsive\">\r\n      <div class=\"content-inner\">\r\n         \r\n                  \r\n           \r\n         \r\n                     <h2 class=\"title\">\r\n               <span>Siempre Juntos<\/span>\r\n            <\/h2>\r\n                  \r\n                     <div class=\"title-desc\">una pel\u00edcula realista, en que  el c\u00f3mico Max Bernal (Bobby Cannavale) y su hijo autista de 11 a\u00f1os, Ezra (William Fitzgerald), emprenden un viaje en el que intentan aprender a comunicarse entre s\u00ed<\/div>\r\n         \r\n         \r\n      <\/div>\r\n   <\/div>\r\n<\/div>\t\t\t\t<\/div>\n\t\t\t\t<\/div>\n\t\t\t\t\t<\/div>\n\t\t<\/div>\n\t\t\t\t\t<\/div>\n\t\t<\/section>\n\t\t\t\t<section class=\"elementor-section elementor-top-section elementor-element elementor-element-cd374b8 elementor-section-boxed elementor-section-height-default elementor-section-height-default\" data-id=\"cd374b8\" data-element_type=\"section\" data-e-type=\"section\" data-settings=\"{&quot;tmea_shape_divider_top&quot;:&quot;none&quot;,&quot;tmea_shape_divider_bottom&quot;:&quot;none&quot;}\">\n\t\t\t\t\t\t<div class=\"elementor-container elementor-column-gap-default\">\n\t\t\t\t\t<div class=\"elementor-column elementor-col-100 elementor-top-column elementor-element elementor-element-64952af\" data-id=\"64952af\" data-element_type=\"column\" data-e-type=\"column\">\n\t\t\t<div class=\"elementor-widget-wrap elementor-element-populated\">\n\t\t\t\t\t\t<div class=\"elementor-element elementor-element-7d3ddcc elementor-widget elementor-widget-video\" data-id=\"7d3ddcc\" data-element_type=\"widget\" data-e-type=\"widget\" data-settings=\"{&quot;youtube_url&quot;:&quot;https:\\\/\\\/www.youtube.com\\\/watch?v=jDog6qZSakw&quot;,&quot;video_type&quot;:&quot;youtube&quot;,&quot;controls&quot;:&quot;yes&quot;}\" data-widget_type=\"video.default\">\n\t\t\t\t<div class=\"elementor-widget-container\">\n\t\t\t\t\t\t\t<div class=\"elementor-wrapper elementor-open-inline\">\n\t\t\t<div class=\"elementor-video\"><\/div>\t\t<\/div>\n\t\t\t\t\t\t<\/div>\n\t\t\t\t<\/div>\n\t\t\t\t\t<\/div>\n\t\t<\/div>\n\t\t\t\t\t<\/div>\n\t\t<\/section>\n\t\t\t\t<section class=\"elementor-section elementor-top-section elementor-element elementor-element-c78716b elementor-section-boxed elementor-section-height-default elementor-section-height-default\" data-id=\"c78716b\" data-element_type=\"section\" data-e-type=\"section\" data-settings=\"{&quot;tmea_shape_divider_top&quot;:&quot;none&quot;,&quot;tmea_shape_divider_bottom&quot;:&quot;none&quot;}\">\n\t\t\t\t\t\t<div class=\"elementor-container elementor-column-gap-default\">\n\t\t\t\t\t<div class=\"elementor-column elementor-col-100 elementor-top-column elementor-element elementor-element-95c0176\" data-id=\"95c0176\" data-element_type=\"column\" data-e-type=\"column\">\n\t\t\t<div class=\"elementor-widget-wrap elementor-element-populated\">\n\t\t\t\t\t\t<div class=\"elementor-element elementor-element-af4442e elementor-widget elementor-widget-spacer\" data-id=\"af4442e\" data-element_type=\"widget\" data-e-type=\"widget\" data-widget_type=\"spacer.default\">\n\t\t\t\t<div class=\"elementor-widget-container\">\n\t\t\t\t\t\t\t<div class=\"elementor-spacer\">\n\t\t\t<div class=\"elementor-spacer-inner\"><\/div>\n\t\t<\/div>\n\t\t\t\t\t\t<\/div>\n\t\t\t\t<\/div>\n\t\t\t\t\t<\/div>\n\t\t<\/div>\n\t\t\t\t\t<\/div>\n\t\t<\/section>\n\t\t\t\t<section class=\"elementor-section elementor-top-section elementor-element elementor-element-f366e4b elementor-section-boxed elementor-section-height-default elementor-section-height-default\" data-id=\"f366e4b\" data-element_type=\"section\" data-e-type=\"section\" data-settings=\"{&quot;background_background&quot;:&quot;classic&quot;,&quot;tmea_shape_divider_top&quot;:&quot;none&quot;,&quot;tmea_shape_divider_bottom&quot;:&quot;none&quot;}\">\n\t\t\t\t\t\t\t<div class=\"elementor-background-overlay\"><\/div>\n\t\t\t\t\t\t\t<div class=\"elementor-container elementor-column-gap-default\">\n\t\t\t\t\t<div class=\"elementor-column elementor-col-100 elementor-top-column elementor-element elementor-element-da3e910\" data-id=\"da3e910\" data-element_type=\"column\" data-e-type=\"column\">\n\t\t\t<div class=\"elementor-widget-wrap elementor-element-populated\">\n\t\t\t\t\t\t<div class=\"elementor-element elementor-element-47689e4 elementor-widget elementor-widget-gva-heading-block\" data-id=\"47689e4\" data-element_type=\"widget\" data-e-type=\"widget\" data-widget_type=\"gva-heading-block.default\">\n\t\t\t\t<div class=\"elementor-widget-container\">\n\t\t\t\t\t<div class=\"gva-element-gva-heading-block gva-element\">   <div class=\"align-center style-1 widget gsc-heading box-align-left auto-responsive\">\r\n      <div class=\"content-inner\">\r\n         \r\n                  \r\n         <div class=\"sub-title\"><span class=\"tagline\">Estamos aqu\u00ed para apoyarte<\/span><\/div>  \r\n         \r\n                     <h2 class=\"title\">\r\n               <span>Nuestro objetivo es proporcionar un espacio seguro donde puedas conectarte con otros<\/span>\r\n            <\/h2>\r\n                  \r\n         \r\n                     <div class=\"heading-action\">\r\n               \t\t  <a href=\"https:\/\/autistasdemexico.org\/index.php\/contact\/\" class=\"btn-cta btn-theme \">\r\n\t\t\t <span>Contactanos<\/span>\r\n\t\t  <\/a>\r\n\r\n\t\t              <\/div>\r\n         \r\n      <\/div>\r\n   <\/div>\r\n<\/div>\t\t\t\t<\/div>\n\t\t\t\t<\/div>\n\t\t\t\t\t<\/div>\n\t\t<\/div>\n\t\t\t\t\t<\/div>\n\t\t<\/section>\n\t\t\t\t<section class=\"elementor-section elementor-top-section elementor-element elementor-element-69ca8b4 elementor-section-boxed elementor-section-height-default elementor-section-height-default\" data-id=\"69ca8b4\" data-element_type=\"section\" data-e-type=\"section\" data-settings=\"{&quot;tmea_shape_divider_top&quot;:&quot;none&quot;,&quot;tmea_shape_divider_bottom&quot;:&quot;none&quot;}\">\n\t\t\t\t\t\t<div class=\"elementor-container elementor-column-gap-default\">\n\t\t\t\t\t<div class=\"elementor-column elementor-col-100 elementor-top-column elementor-element elementor-element-6971bf6\" data-id=\"6971bf6\" data-element_type=\"column\" data-e-type=\"column\">\n\t\t\t<div class=\"elementor-widget-wrap elementor-element-populated\">\n\t\t\t\t\t\t<div class=\"elementor-element elementor-element-b854864 elementor-widget elementor-widget-spacer\" data-id=\"b854864\" data-element_type=\"widget\" data-e-type=\"widget\" data-widget_type=\"spacer.default\">\n\t\t\t\t<div class=\"elementor-widget-container\">\n\t\t\t\t\t\t\t<div class=\"elementor-spacer\">\n\t\t\t<div class=\"elementor-spacer-inner\"><\/div>\n\t\t<\/div>\n\t\t\t\t\t\t<\/div>\n\t\t\t\t<\/div>\n\t\t\t\t\t<\/div>\n\t\t<\/div>\n\t\t\t\t\t<\/div>\n\t\t<\/section>\n\t\t\t\t<section class=\"elementor-section elementor-top-section elementor-element elementor-element-6550ef8 elementor-section-boxed elementor-section-height-default elementor-section-height-default\" data-id=\"6550ef8\" data-element_type=\"section\" data-e-type=\"section\" data-settings=\"{&quot;tmea_shape_divider_top&quot;:&quot;none&quot;,&quot;tmea_shape_divider_bottom&quot;:&quot;none&quot;}\">\n\t\t\t\t\t\t<div class=\"elementor-container elementor-column-gap-default\">\n\t\t\t\t\t<div class=\"elementor-column elementor-col-100 elementor-top-column elementor-element elementor-element-2ead56e\" data-id=\"2ead56e\" data-element_type=\"column\" data-e-type=\"column\">\n\t\t\t<div class=\"elementor-widget-wrap elementor-element-populated\">\n\t\t\t\t\t\t<div class=\"elementor-element elementor-element-c7fa212 elementor-widget elementor-widget-gva-content-carousel\" data-id=\"c7fa212\" data-element_type=\"widget\" data-e-type=\"widget\" data-widget_type=\"gva-content-carousel.default\">\n\t\t\t\t<div class=\"elementor-widget-container\">\n\t\t\t\t\t<div class=\"gva-element-gva-content-carousel gva-element\">\r\n<div class=\"gsc-content-carousel swiper-slider-wrapper\">\r\n   <div class=\"swiper-content-inner\">\r\n      <div class=\"init-carousel-swiper swiper\" data-carousel=\"{&quot;items&quot;:1,&quot;items_lg&quot;:1,&quot;items_md&quot;:1,&quot;items_sm&quot;:1,&quot;items_xs&quot;:1,&quot;items_xx&quot;:1,&quot;effect&quot;:&quot;slide&quot;,&quot;space_between&quot;:20,&quot;loop&quot;:1,&quot;speed&quot;:600,&quot;autoplay&quot;:1,&quot;autoplay_delay&quot;:4500,&quot;autoplay_hover&quot;:1,&quot;navigation&quot;:1,&quot;pagination&quot;:0,&quot;dynamic_bullets&quot;:0,&quot;pagination_type&quot;:&quot;bullets&quot;}\">\r\n         <div class=\"swiper-wrapper\">\r\n                           <div class=\"swiper-slide\">\r\n                  <div class=\"item-content\">\r\n                     <div class=\"item-content-inner\">\r\n                                                   <div class=\"box-image\">\r\n                              <div class=\"image-content\">\r\n                                 <img decoding=\"async\" src=\"https:\/\/autistasdemexico.org\/wp-content\/uploads\/2026\/04\/Info2-1.jpg\" alt=\"Se expresa de manera diferente en cada persona\"\/>\r\n                              <\/div>\r\n                           <\/div>\r\n                                                <div class=\"box-content\">\r\n                           <div class=\"gsc-heading\">\r\n                              <div class=\"sub-title\"><span class=\"tagline\">Datos sobre el autismo<\/span><\/div>                              <h2 class=\"title\">Se expresa de manera diferente en cada persona<\/h2>   \r\n                              <div class=\"title-desc\">El autismo se conoce cl\u00ednicamente como condici\u00f3n del espectro autista. Esto se debe a que no todas las personas autistas experimentan exactamente las mismas caracter\u00edsticas ni tienen las mismas necesidades de apoyo. Sin embargo, existen algunos rasgos compartidos, por ejemplo, diferencias en la comunicaci\u00f3n y la interacci\u00f3n social (como procesar el contacto visual de forma distinta, o tener una forma diferente de conversar y percibir el entorno). Otras caracter\u00edsticas incluyen patrones de intereses muy profundos y comportamientos repetitivos (que a menudo ayudan a la autorregulaci\u00f3n).<\/div>                              \r\n                           <\/div>\r\n                        <\/div>\r\n                     <\/div>   \r\n                  <\/div>\r\n               <\/div>\r\n                           <div class=\"swiper-slide\">\r\n                  <div class=\"item-content\">\r\n                     <div class=\"item-content-inner\">\r\n                                                   <div class=\"box-image\">\r\n                              <div class=\"image-content\">\r\n                                 <img decoding=\"async\" src=\"https:\/\/autistasdemexico.org\/wp-content\/uploads\/2026\/04\/Info3-1.jpg\" alt=\"El autismo no es algo espec\u00edfico de una raza o grupo \u00e9tnico\"\/>\r\n                              <\/div>\r\n                           <\/div>\r\n                                                <div class=\"box-content\">\r\n                           <div class=\"gsc-heading\">\r\n                              <div class=\"sub-title\"><span class=\"tagline\">Datos sobre el autismo<\/span><\/div>                              <h2 class=\"title\">El autismo no es algo espec\u00edfico de una raza o grupo \u00e9tnico<\/h2>   \r\n                              <div class=\"title-desc\">El autismo est\u00e1 presente en personas de todos los contextos sociodemogr\u00e1ficos, sin importar su origen \u00e9tnico, origen racial o nivel socioecon\u00f3mico. Sabemos que la neurodivergencia tiene un fuerte componente gen\u00e9tico: por ejemplo, existe una mayor incidencia de autismo en personas con familiares autistas. Hist\u00f3ricamente los varones han sido diagnosticados en una proporci\u00f3n de cuatro a uno en comparaci\u00f3n con las mujeres. Sin embargo, en la actualidad sabemos que esto refleja un sesgo en las evaluaciones m\u00e9dicas y diagn\u00f3sticas, ya que los procesos de las ni\u00f1as y mujeres, a menudo caracterizados por el 'camuflaje social' (masking), hacen que frecuentemente no sean identificadas de forma oportuna.<\/div>                              \r\n                           <\/div>\r\n                        <\/div>\r\n                     <\/div>   \r\n                  <\/div>\r\n               <\/div>\r\n                           <div class=\"swiper-slide\">\r\n                  <div class=\"item-content\">\r\n                     <div class=\"item-content-inner\">\r\n                                                   <div class=\"box-image\">\r\n                              <div class=\"image-content\">\r\n                                 <img decoding=\"async\" src=\"https:\/\/autistasdemexico.org\/wp-content\/uploads\/2026\/04\/Info1-1.jpg\" alt=\"Todav\u00eda queda mucho por aprender\"\/>\r\n                              <\/div>\r\n                           <\/div>\r\n                                                <div class=\"box-content\">\r\n                           <div class=\"gsc-heading\">\r\n                              <div class=\"sub-title\"><span class=\"tagline\">Datos sobre el autismo<\/span><\/div>                              <h2 class=\"title\">Todav\u00eda queda mucho por aprender<\/h2>   \r\n                              <div class=\"title-desc\">Aunque los cient\u00edficos no conocen las causas exactas del autismo, las investigaciones sugieren que los genes y los factores ambientales pueden afectar el desarrollo en formas que causen trastorno del espectro autista. Por ello, los investigadores financiados por los Institutos Nacionales de la Salud (NIH, por sus siglas en ingl\u00e9s) buscan entender mejor esta afecci\u00f3n y diagnosticarla m\u00e1s temprano. <\/div>                              \r\n                           <\/div>\r\n                        <\/div>\r\n                     <\/div>   \r\n                  <\/div>\r\n               <\/div>\r\n                     <\/div>\r\n      <\/div>\r\n   <\/div>   \r\n   <div class=\"swiper-pagination\"><\/div>   <div class=\"swiper-nav-next\"><\/div><div class=\"swiper-nav-prev\"><\/div><\/div>\r\n<\/div>\t\t\t\t<\/div>\n\t\t\t\t<\/div>\n\t\t\t\t<div class=\"elementor-element elementor-element-ae2a799 elementor-widget elementor-widget-spacer\" data-id=\"ae2a799\" data-element_type=\"widget\" data-e-type=\"widget\" data-widget_type=\"spacer.default\">\n\t\t\t\t<div class=\"elementor-widget-container\">\n\t\t\t\t\t\t\t<div class=\"elementor-spacer\">\n\t\t\t<div class=\"elementor-spacer-inner\"><\/div>\n\t\t<\/div>\n\t\t\t\t\t\t<\/div>\n\t\t\t\t<\/div>\n\t\t\t\t<div class=\"elementor-element elementor-element-301c272 elementor-widget elementor-widget-gva_icon_box_group\" data-id=\"301c272\" data-element_type=\"widget\" data-e-type=\"widget\" data-widget_type=\"gva_icon_box_group.default\">\n\t\t\t\t<div class=\"elementor-widget-container\">\n\t\t\t\t\t<div class=\"gva-element-gva_icon_box_group gva-element\">\r\n<div class=\"gsc-icon-box-group layout-carousel swiper-slider-wrapper style-1 \">\r\n   <div class=\"swiper-content-inner\">\r\n      <div class=\"init-carousel-swiper swiper\" data-carousel=\"{&quot;items&quot;:3,&quot;items_lg&quot;:3,&quot;items_md&quot;:3,&quot;items_sm&quot;:2,&quot;items_xs&quot;:1,&quot;items_xx&quot;:1,&quot;effect&quot;:&quot;slide&quot;,&quot;space_between&quot;:30,&quot;loop&quot;:1,&quot;speed&quot;:600,&quot;autoplay&quot;:1,&quot;autoplay_delay&quot;:4500,&quot;autoplay_hover&quot;:1,&quot;navigation&quot;:1,&quot;pagination&quot;:1,&quot;dynamic_bullets&quot;:0,&quot;pagination_type&quot;:&quot;bullets&quot;}\">\r\n         <div class=\"swiper-wrapper\">\r\n            <div class=\"swiper-slide\">\r\n<div class=\"icon-box-item elementor-repeater-item-d120cdf\">\r\n\t<div class=\"icon-box-content\">\r\n\t\t<h3 class=\"title\">Neurodiversidad<\/h3><div class=\"desc\">Es un cambio de paradigma que nos recuerda que el cerebro humano no tiene una sola forma \u201ccorrecta\u201d de ser.\nEl autismo no es un error que corregir, sino una manera \u00fanica de existir.\nEste movimiento, nacido de las propias voces autistas, busca transformar la mirada: reconocer que s\u00ed hay retos, pero tambi\u00e9n fortalezas.\nEntenderlo as\u00ed no invalida las dificultades, sino que devuelve dignidad, respeto y esperanza a quienes siempre fueron vistos como \u201cmenos\u201d.\n<br><br><\/div><div class=\"content-bottom\"><div class=\"box-icon\"><i aria-hidden=\"true\" class=\"fas fa-infinity\"><\/i><\/div><a class=\"box-arrow\" href=\"\"><i class=\"fa-solid fa-angles-right\"><\/i><\/a><\/div>\r\n\t\t\t<\/div>  \t\r\n\t<\/div><\/div><div class=\"swiper-slide\">\r\n<div class=\"icon-box-item elementor-repeater-item-6a06631\">\r\n\t<div class=\"icon-box-content\">\r\n\t\t<h3 class=\"title\">Interseccionalidad<\/h3><div class=\"desc\">El autismo no pertenece a un solo g\u00e9nero, ni a una sola clase social, ni a un solo grupo. Durante d\u00e9cadas, mujeres, personas ind\u00edgenas, quienes viven en pobreza o con otras discapacidades fueron invisibilizadas, negadas o ignoradas en la investigaci\u00f3n y el diagn\u00f3stico. Es importante levantar la voz y decir: ustedes existen, importan y tienen derecho a ser comprendidos y respetados.\n<br><br><br><\/div><div class=\"content-bottom\"><div class=\"box-icon\"><i aria-hidden=\"true\" class=\"fas fa-american-sign-language-interpreting\"><\/i><\/div><a class=\"box-arrow\" href=\"\"><i class=\"fa-solid fa-angles-right\"><\/i><\/a><\/div>\r\n\t\t\t<\/div>  \t\r\n\t<\/div><\/div><div class=\"swiper-slide\">\r\n<div class=\"icon-box-item elementor-repeater-item-04975d7\">\r\n\t<div class=\"icon-box-content\">\r\n\t\t<h3 class=\"title\">Autismo y Bienestar<\/h3><div class=\"desc\">El autismo no significa vivir en sufrimiento ni en crisis permanentes. Las crisis no son parte inevitable de ser autista, sino la consecuencia de entornos que no comprenden ni respetan nuestras necesidades. Con los apoyos adecuados, cada persona puede construir bienestar, seguridad y alegr\u00eda en su vida. Nadie merece resignarse al dolor: siempre hay caminos para vivir en armon\u00eda.\n<br><br><br><\/div><div class=\"content-bottom\"><div class=\"box-icon\"><i aria-hidden=\"true\" class=\" paicon-health\"><\/i><\/div><a class=\"box-arrow\" href=\"\"><i class=\"fa-solid fa-angles-right\"><\/i><\/a><\/div>\r\n\t\t\t<\/div>  \t\r\n\t<\/div><\/div><div class=\"swiper-slide\">\r\n<div class=\"icon-box-item elementor-repeater-item-877a3dd\">\r\n\t<div class=\"icon-box-content\">\r\n\t\t<h3 class=\"title\">Concurrencias<\/h3><div class=\"desc\">El autismo suele presentarse junto con otras condiciones, como TDAH, epilepsia, enfermedades autoinmunes o problemas gastrointestinales y del sistema nervioso, entre otros. Aunque no forman parte del autismo, son m\u00e1s comunes en personas autistas y muchas veces se pasan por alto, sobre todo en quienes son no hablantes. Escuchar el cuerpo y atender la salud integral puede transformar profundamente la calidad de vida.\n<br><br><\/div><div class=\"content-bottom\"><div class=\"box-icon\"><i aria-hidden=\"true\" class=\" micon-charity\"><\/i><\/div><a class=\"box-arrow\" href=\"\"><i class=\"fa-solid fa-angles-right\"><\/i><\/a><\/div>\r\n\t\t\t<\/div>  \t\r\n\t<\/div><\/div><div class=\"swiper-slide\">\r\n<div class=\"icon-box-item elementor-repeater-item-b62847a\">\r\n\t<div class=\"icon-box-content\">\r\n\t\t<h3 class=\"title\">\u00bfDesde d\u00f3nde entiendes el autismo?<\/h3><div class=\"desc\">Los s\u00edmbolos importan porque representan c\u00f3mo vemos y tratamos a las personas. Durante a\u00f1os, el rompecabezas azul transmiti\u00f3 la idea de que el autismo era un misterio a resolver, una tragedia y un error a corregir. Hoy muchas comunidades autistas elegimos el infinito dorado o multicolor, que celebra la diversidad y la dignidad humana. Es un recordatorio de que no faltamos: existimos completos.\n<br><br><\/div><div class=\"content-bottom\"><div class=\"box-icon\"><i aria-hidden=\"true\" class=\"fas fa-brain\"><\/i><\/div><a class=\"box-arrow\" href=\"\"><i class=\"fa-solid fa-angles-right\"><\/i><\/a><\/div>\r\n\t\t\t<\/div>  \t\r\n\t<\/div><\/div><div class=\"swiper-slide\">\r\n<div class=\"icon-box-item elementor-repeater-item-e763d3f\">\r\n\t<div class=\"icon-box-content\">\r\n\t\t<h3 class=\"title\">\u00bfNo hablante o no verbal?<\/h3><div class=\"desc\">Decimos \u201cpersonas no hablantes\u201d en lugar de \u201cno verbales\u201d porque ese t\u00e9rmino, que viene del lat\u00edn y significa literalmente \u201csin palabras\u201d, ha contribuido a la idea equivocada de que los autistas no hablantes no tienen nada que comunicar. Nuestra postura pol\u00edtica busca dignificar la existencia autista, reconociendo que todas las personas comunican, y que con las herramientas adecuadas, su voz puede escucharse y entenderse plenamente.\n<br>\n<br><\/div><div class=\"content-bottom\"><div class=\"box-icon\"><i aria-hidden=\"true\" class=\"fi fi-zipper-mouth\"><\/i><\/div><a class=\"box-arrow\" href=\"\"><i class=\"fa-solid fa-angles-right\"><\/i><\/a><\/div>\r\n\t\t\t<\/div>  \t\r\n\t<\/div><\/div>         <\/div>\r\n      <\/div>\r\n   <\/div>   \r\n   <div class=\"swiper-pagination\"><\/div>   <div class=\"swiper-nav-next\"><\/div><div class=\"swiper-nav-prev\"><\/div><\/div>\r\n<\/div>\t\t\t\t<\/div>\n\t\t\t\t<\/div>\n\t\t\t\t<div class=\"elementor-element elementor-element-754489d elementor-widget-divider--view-line elementor-widget elementor-widget-divider\" data-id=\"754489d\" data-element_type=\"widget\" data-e-type=\"widget\" data-widget_type=\"divider.default\">\n\t\t\t\t<div class=\"elementor-widget-container\">\n\t\t\t\t\t\t\t<div class=\"elementor-divider\">\n\t\t\t<span class=\"elementor-divider-separator\">\n\t\t\t\t\t\t<\/span>\n\t\t<\/div>\n\t\t\t\t\t\t<\/div>\n\t\t\t\t<\/div>\n\t\t\t\t\t<\/div>\n\t\t<\/div>\n\t\t\t\t\t<\/div>\n\t\t<\/section>\n\t\t\t\t<section class=\"elementor-section elementor-top-section elementor-element elementor-element-df0c98c elementor-section-boxed elementor-section-height-default elementor-section-height-default\" data-id=\"df0c98c\" data-element_type=\"section\" data-e-type=\"section\" data-settings=\"{&quot;tmea_shape_divider_top&quot;:&quot;none&quot;,&quot;tmea_shape_divider_bottom&quot;:&quot;none&quot;}\">\n\t\t\t\t\t\t<div class=\"elementor-container elementor-column-gap-default\">\n\t\t\t\t\t<div class=\"elementor-column elementor-col-100 elementor-top-column elementor-element elementor-element-70a0b3a\" data-id=\"70a0b3a\" data-element_type=\"column\" data-e-type=\"column\">\n\t\t\t<div class=\"elementor-widget-wrap\">\n\t\t\t\t\t\t\t<\/div>\n\t\t<\/div>\n\t\t\t\t\t<\/div>\n\t\t<\/section>\n\t\t\t\t<section class=\"elementor-section elementor-top-section elementor-element elementor-element-48bf55d elementor-section-stretched elementor-reverse-tablet elementor-reverse-mobile elementor-section-boxed elementor-section-height-default elementor-section-height-default\" data-id=\"48bf55d\" data-element_type=\"section\" data-e-type=\"section\" data-settings=\"{&quot;stretch_section&quot;:&quot;section-stretched&quot;,&quot;background_background&quot;:&quot;classic&quot;,&quot;tmea_shape_divider_top&quot;:&quot;none&quot;,&quot;tmea_shape_divider_bottom&quot;:&quot;none&quot;}\">\n\t\t\t\t\t\t<div class=\"elementor-container elementor-column-gap-no\">\n\t\t\t\t\t<div class=\"elementor-column elementor-col-100 elementor-top-column elementor-element elementor-element-31c018a\" data-id=\"31c018a\" data-element_type=\"column\" data-e-type=\"column\">\n\t\t\t<div class=\"elementor-widget-wrap elementor-element-populated\">\n\t\t\t\t\t\t<div class=\"elementor-element elementor-element-72a558d elementor-widget elementor-widget-tme-accordion\" data-id=\"72a558d\" data-element_type=\"widget\" data-e-type=\"widget\" data-widget_type=\"tme-accordion.default\">\n\t\t\t\t<div class=\"elementor-widget-container\">\n\t\t\t\t\t            <div class=\"tme-accordions\" data-selfclose=\"false\" data-opensingle=\"false\" data-openspeed=\"200\" data-closespeed=\"200\" data-autoscroll=\"false\" data-scrollspeed=\"400\" data-scrolloffset=\"0\">\n               \n                <div id=\"tme-38a9d94-1664927867\"  class=\"tmeaccordion is-default\" data-tmeaccordion-options='{\"selfBlock\": false}'>\n                    <h5 class=\"tmeaccordion__head\">\t\t\t\t\t\t\t\t\t\t\t\t\t\t\t\t\t\t\u00bfQu\u00e9 es el autismo?                     <\/h5>                    <div class=\"tmeaccordion__body\">\n                        <p><span style=\"font-weight: 400;\">El autismo ha estado rodeado de desinformaci\u00f3n y estereotipos que generan miedo e incertidumbre en muchas familias. Aunque a menudo se llega a esta palabra desde un enfoque incorrecto, en Autistas de M\u00e9xico estamos aqu\u00ed para acompa\u00f1arte a entenderlo de manera clara y humana. El autismo es una forma \u00fanica de experimentar el mundo: cada persona autista tiene sus propias fortalezas, desaf\u00edos y formas de comunicarse. No es una enfermedad que deba \u201ccurarse\u201d, sino una parte valiosa de la diversidad humana que merece ser reconocida, respetada y celebrada.<\/span><\/p>                    <\/div>\n                <\/div>\n               \n                <div id=\"tme-01869d3-1664927867\"  class=\"tmeaccordion is-default\" data-tmeaccordion-options='{\"selfBlock\": false}'>\n                    <h5 class=\"tmeaccordion__head\">\t\t\t\t\t\t\t\t\t\t\t\t\t\t\t\t\t\t\u00bfQu\u00e9 hace Autistas De M\u00e9xico A.C.?                    <\/h5>                    <div class=\"tmeaccordion__body\">\n                        <p><span style=\"font-weight: 400;\">En Autistas de M\u00e9xico trabajamos por los derechos y el bienestar de las personas autistas y sus familias. Ofrecemos acompa\u00f1amiento y apoyo a madres, padres y cuidadores, as\u00ed como talleres, diplomados y espacios de formaci\u00f3n que promueven una comprensi\u00f3n respetuosa del autismo desde la perspectiva de la neurodiversidad. Tambi\u00e9n capacitamos a escuelas, empresas e instituciones para impulsar la inclusi\u00f3n real y combatir el capacitismo. Nuestro compromiso es crear una sociedad en la que todas las personas puedan vivir con dignidad y autenticidad.<\/span><\/p>                    <\/div>\n                <\/div>\n               \n                <div id=\"tme-e395918-1664927867\"  class=\"tmeaccordion is-default\" data-tmeaccordion-options='{\"selfBlock\": false}'>\n                    <h5 class=\"tmeaccordion__head\">\t\t\t\t\t\t\t\t\t\t\t\t\t\t\t\t\t\tMi donaci\u00f3n es deducible de impuestos?                    <\/h5>                    <div class=\"tmeaccordion__body\">\n                        <p><span style=\"font-weight: 400;\">S\u00ed. Autistas de M\u00e9xico, A.C. cuenta con autorizaci\u00f3n del SAT como donataria, por lo que tus donaciones son 100% deducibles de impuestos en M\u00e9xico. Eso significa que al apoyarnos no solo impulsas proyectos que transforman la vida de personas autistas y sus familias, tambi\u00e9n recibes tu comprobante fiscal para aprovechar el beneficio en tu declaraci\u00f3n. \u00a1Tu ayuda suma doble: genera impacto social y tambi\u00e9n un beneficio para ti!<\/span><\/p>                    <\/div>\n                <\/div>\n               \n                <div id=\"tme-3e557a9-1664927867\"  class=\"tmeaccordion is-default\" data-tmeaccordion-options='{\"selfBlock\": false}'>\n                    <h5 class=\"tmeaccordion__head\">\t\t\t\t\t\t\t\t\t\t\t\t\t\t\t\t\t\t\u00bfQue servicios ofrecen?                    <\/h5>                    <div class=\"tmeaccordion__body\">\n                        <p><span style=\"font-weight: 400;\">En Autistas de M\u00e9xico brindamos servicios accesibles y respetuosos que parten de la perspectiva de la neurodiversidad. Entre ellos se encuentran: diagn\u00f3stico diferencial de Autismo y TDAH, evaluaci\u00f3n de perfil sensorial, diagn\u00f3stico de Altas Capacidades, as\u00ed como una comunidad de apoyo y aprendizaje para madres, padres y cuidadores. Adem\u00e1s, desarrollamos talleres, diplomados, aplicaciones y otros recursos que fortalecen la inclusi\u00f3n y el bienestar de las personas autistas y sus familias.<\/span><\/p>                    <\/div>\n                <\/div>\n               \n                <div id=\"tme-a6f3686-1664927867\"  class=\"tmeaccordion is-default\" data-tmeaccordion-options='{\"selfBlock\": false}'>\n                    <h5 class=\"tmeaccordion__head\">\t\t\t\t\t\t\t\t\t\t\t\t\t\t\t\t\t\t\u00bfSus servicios son gratuitos?                    <\/h5>                    <div class=\"tmeaccordion__body\">\n                        <p><span style=\"font-weight: 400;\">Nuestros servicios no son completamente gratuitos ya que Autistas de M\u00e9xico depende de las contribuciones de quienes nos apoyan y de las cuotas de recuperaci\u00f3n por los programas que ofrecemos. Cada aporte nos permite mantener y ampliar talleres, diplomados, recursos y comunidades de apoyo para la comunidad autista. De manera excepcional, realizamos recaudaciones para apoyar a personas con recursos limitados, y en algunos casos las propias familias pueden buscar donativos para acceder a nuestros servicios. Nuestro objetivo es que todas las personas que lo necesiten tengan la oportunidad de participar, reconociendo que los costos son altos pero buscando siempre v\u00edas de inclusi\u00f3n.<\/span><\/p>                    <\/div>\n                <\/div>\n                \n            <\/div>\n            \t\t\t\t<\/div>\n\t\t\t\t<\/div>\n\t\t\t\t\t<\/div>\n\t\t<\/div>\n\t\t\t\t\t<\/div>\n\t\t<\/section>\n\t\t\t\t<section class=\"elementor-section elementor-top-section elementor-element elementor-element-faed445 elementor-section-boxed elementor-section-height-default elementor-section-height-default\" data-id=\"faed445\" data-element_type=\"section\" data-e-type=\"section\" data-settings=\"{&quot;tmea_shape_divider_top&quot;:&quot;none&quot;,&quot;tmea_shape_divider_bottom&quot;:&quot;none&quot;}\">\n\t\t\t\t\t\t<div class=\"elementor-container elementor-column-gap-default\">\n\t\t\t\t\t<div class=\"elementor-column elementor-col-100 elementor-top-column elementor-element elementor-element-bb72373\" data-id=\"bb72373\" data-element_type=\"column\" data-e-type=\"column\">\n\t\t\t<div class=\"elementor-widget-wrap elementor-element-populated\">\n\t\t\t\t\t\t<div class=\"elementor-element elementor-element-ad19536 elementor-widget elementor-widget-html\" data-id=\"ad19536\" data-element_type=\"widget\" data-e-type=\"widget\" data-widget_type=\"html.default\">\n\t\t\t\t<div class=\"elementor-widget-container\">\n\t\t\t\t\t<style>\n  a.box-arrow {\n      display: none !important;\n  }\n  .fa-solid.fa-angles-right {\n      display: none !important;\n  }\n  <\/style>\t\t\t\t<\/div>\n\t\t\t\t<\/div>\n\t\t\t\t\t<\/div>\n\t\t<\/div>\n\t\t\t\t\t<\/div>\n\t\t<\/section>\n\t\t\t\t<section class=\"elementor-section elementor-top-section elementor-element elementor-element-f0049bc elementor-section-boxed elementor-section-height-default elementor-section-height-default\" data-id=\"f0049bc\" data-element_type=\"section\" data-e-type=\"section\" data-settings=\"{&quot;tmea_shape_divider_top&quot;:&quot;none&quot;,&quot;tmea_shape_divider_bottom&quot;:&quot;none&quot;}\">\n\t\t\t\t\t\t<div class=\"elementor-container elementor-column-gap-default\">\n\t\t\t\t\t<div class=\"elementor-column elementor-col-100 elementor-top-column elementor-element elementor-element-a6f1a1a\" data-id=\"a6f1a1a\" data-element_type=\"column\" data-e-type=\"column\">\n\t\t\t<div class=\"elementor-widget-wrap\">\n\t\t\t\t\t\t\t<\/div>\n\t\t<\/div>\n\t\t\t\t\t<\/div>\n\t\t<\/section>\n\t\t\t\t<\/div>\n\t\t","protected":false},"excerpt":{"rendered":"<p>There are many of lorem ipsum available but the have in some form.<\/p>\n","protected":false},"author":1,"featured_media":0,"parent":0,"menu_order":0,"comment_status":"closed","ping_status":"closed","template":"","meta":{"give_campaign_id":0,"_coblocks_attr":"","_coblocks_dimensions":"","_coblocks_responsive_height":"","_coblocks_accordion_ie_support":"","footnotes":""},"class_list":["post-200","page","type-page","status-publish","hentry"],"campaignId":"","_links":{"self":[{"href":"https:\/\/autistasdemexico.org\/index.php\/wp-json\/wp\/v2\/pages\/200","targetHints":{"allow":["GET"]}}],"collection":[{"href":"https:\/\/autistasdemexico.org\/index.php\/wp-json\/wp\/v2\/pages"}],"about":[{"href":"https:\/\/autistasdemexico.org\/index.php\/wp-json\/wp\/v2\/types\/page"}],"author":[{"embeddable":true,"href":"https:\/\/autistasdemexico.org\/index.php\/wp-json\/wp\/v2\/users\/1"}],"replies":[{"embeddable":true,"href":"https:\/\/autistasdemexico.org\/index.php\/wp-json\/wp\/v2\/comments?post=200"}],"version-history":[{"count":75,"href":"https:\/\/autistasdemexico.org\/index.php\/wp-json\/wp\/v2\/pages\/200\/revisions"}],"predecessor-version":[{"id":2693,"href":"https:\/\/autistasdemexico.org\/index.php\/wp-json\/wp\/v2\/pages\/200\/revisions\/2693"}],"wp:attachment":[{"href":"https:\/\/autistasdemexico.org\/index.php\/wp-json\/wp\/v2\/media?parent=200"}],"curies":[{"name":"wp","href":"https:\/\/api.w.org\/{rel}","templated":true}]}}