{"id":21,"date":"2020-12-08T03:53:12","date_gmt":"2020-12-08T03:53:12","guid":{"rendered":"https:\/\/gaviaspreview.com\/wp\/paroti\/?page_id=21"},"modified":"2026-04-14T21:12:41","modified_gmt":"2026-04-14T21:12:41","slug":"about","status":"publish","type":"page","link":"https:\/\/autistasdemexico.org\/index.php\/about\/","title":{"rendered":"About"},"content":{"rendered":"\t\t<div data-elementor-type=\"wp-page\" data-elementor-id=\"21\" class=\"elementor elementor-21\">\n\t\t\t\t\t\t<section class=\"elementor-section elementor-top-section elementor-element elementor-element-a2abf68 elementor-section-boxed elementor-section-height-default elementor-section-height-default\" data-id=\"a2abf68\" data-element_type=\"section\" data-e-type=\"section\" data-settings=\"{&quot;background_background&quot;:&quot;slideshow&quot;,&quot;background_slideshow_gallery&quot;:[{&quot;id&quot;:2059,&quot;url&quot;:&quot;https:\\\/\\\/autistasdemexico.org\\\/wp-content\\\/uploads\\\/2025\\\/09\\\/Edited-Aut1.jpg&quot;},{&quot;id&quot;:2060,&quot;url&quot;:&quot;https:\\\/\\\/autistasdemexico.org\\\/wp-content\\\/uploads\\\/2025\\\/09\\\/aut2nino.avif&quot;}],&quot;background_slideshow_ken_burns&quot;:&quot;yes&quot;,&quot;tmea_shape_divider_top&quot;:&quot;none&quot;,&quot;tmea_shape_divider_bottom&quot;:&quot;none&quot;,&quot;background_slideshow_loop&quot;:&quot;yes&quot;,&quot;background_slideshow_slide_duration&quot;:5000,&quot;background_slideshow_slide_transition&quot;:&quot;fade&quot;,&quot;background_slideshow_transition_duration&quot;:500,&quot;background_slideshow_ken_burns_zoom_direction&quot;:&quot;in&quot;}\">\n\t\t\t\t\t\t\t<div class=\"elementor-background-overlay\"><\/div>\n\t\t\t\t\t\t\t<div class=\"elementor-container elementor-column-gap-default\">\n\t\t\t\t\t<div class=\"elementor-column elementor-col-100 elementor-top-column elementor-element elementor-element-7260d10\" data-id=\"7260d10\" data-element_type=\"column\" data-e-type=\"column\">\n\t\t\t<div class=\"elementor-widget-wrap elementor-element-populated\">\n\t\t\t\t\n\t\t<div class=\"elementor-element elementor-element-3f38b9d elementor-widget elementor-widget-gva-heading-block\" data-id=\"3f38b9d\" data-element_type=\"widget\" data-e-type=\"widget\" data-widget_type=\"gva-heading-block.default\">\n\t\t\t\t<div class=\"elementor-widget-container\">\n\t\t\t\t\t<div class=\"gva-element-gva-heading-block gva-element\">   <div class=\"align-left style-1 widget gsc-heading box-align-left auto-responsive\">\r\n      <div class=\"content-inner\">\r\n         \r\n                  \r\n           \r\n         \r\n                     <h2 class=\"title\">\r\n               <span>Autistas de M\u00e9xico A.C.<\/span>\r\n            <\/h2>\r\n                  \r\n                     <div class=\"title-desc\">+ De 5 A\u00f1os De Experiencia<\/div>\r\n         \r\n         \r\n      <\/div>\r\n   <\/div>\r\n<\/div>\t\t\t\t<\/div>\n\t\t\t\t<\/div>\n\t\t\t\t\t<\/div>\n\t\t<\/div>\n\t\t\t\t\t<\/div>\n\t\t<\/section>\n\t\t\t\t<section class=\"elementor-section elementor-top-section elementor-element elementor-element-4703abd elementor-section-boxed elementor-section-height-default elementor-section-height-default\" data-id=\"4703abd\" data-element_type=\"section\" data-e-type=\"section\" data-settings=\"{&quot;background_background&quot;:&quot;classic&quot;,&quot;tmea_shape_divider_top&quot;:&quot;none&quot;,&quot;tmea_shape_divider_bottom&quot;:&quot;none&quot;}\">\n\t\t\t\t\t\t<div class=\"elementor-container elementor-column-gap-default\">\n\t\t\t\t\t<div class=\"elementor-column elementor-col-50 elementor-top-column elementor-element elementor-element-029430f\" data-id=\"029430f\" data-element_type=\"column\" data-e-type=\"column\">\n\t\t\t<div class=\"elementor-widget-wrap elementor-element-populated\">\n\t\t\t\t\t\t<div class=\"elementor-element elementor-element-59bc623 elementor-widget__width-initial elementor-widget elementor-widget-gva-image-content\" data-id=\"59bc623\" data-element_type=\"widget\" data-e-type=\"widget\" data-widget_type=\"gva-image-content.default\">\n\t\t\t\t<div class=\"elementor-widget-container\">\n\t\t\t\t\t<div class=\"gva-element-gva-image-content gva-element\">\t\t\r\n\t  \r\n\t \r\n\r\n\t \r\n\r\n\t\t\t<div class=\"gsc-image-content skin-v3\">\r\n\t\t\t\t\t\t\t<div class=\"image\">\r\n\t\t\t\t\t\t\t  <a href=\"#\">\r\n\t\t\t <img fetchpriority=\"high\" decoding=\"async\" width=\"680\" height=\"815\" src=\"https:\/\/autistasdemexico.org\/wp-content\/uploads\/2025\/01\/5.jpg\" class=\"attachment-large size-large wp-image-1777\" alt=\"\" srcset=\"https:\/\/autistasdemexico.org\/wp-content\/uploads\/2025\/01\/5.jpg 680w, https:\/\/autistasdemexico.org\/wp-content\/uploads\/2025\/01\/5-600x719.jpg 600w\" sizes=\"(max-width: 680px) 100vw, 680px\" \/>\t\t  <\/a>\r\n\t\t  \t\t\t\t<\/div>\r\n\t\t\t\t\t\t<div class=\"shape-1\"><\/div>\r\n\t\t\t<div class=\"shape-2\"><\/div>\r\n\t\t<\/div>\r\n\r\n \r\n  \r\n <\/div>\t\t\t\t<\/div>\n\t\t\t\t<\/div>\n\t\t\t\t\t<\/div>\n\t\t<\/div>\n\t\t\t\t<div class=\"elementor-column elementor-col-50 elementor-top-column elementor-element elementor-element-a71a61f\" data-id=\"a71a61f\" data-element_type=\"column\" data-e-type=\"column\">\n\t\t\t<div class=\"elementor-widget-wrap elementor-element-populated\">\n\t\t\t\t\t\t<div class=\"elementor-element elementor-element-55665b5 elementor-widget elementor-widget-gva-heading-block\" data-id=\"55665b5\" data-element_type=\"widget\" data-e-type=\"widget\" data-settings=\"{&quot;_animation&quot;:&quot;none&quot;}\" data-widget_type=\"gva-heading-block.default\">\n\t\t\t\t<div class=\"elementor-widget-container\">\n\t\t\t\t\t<div class=\"gva-element-gva-heading-block gva-element\">   <div class=\"align-left style-1 widget gsc-heading box-align-left auto-responsive\">\r\n      <div class=\"content-inner\">\r\n         \r\n                  \r\n         <div class=\"sub-title\"><span class=\"tagline\">Por una Neurodiversidad con Dignidad<\/span><\/div>  \r\n         \r\n                     <h2 class=\"title\">\r\n               <span>Celebramos las diferencias<\/span>\r\n            <\/h2>\r\n                  \r\n         \r\n         \r\n      <\/div>\r\n   <\/div>\r\n<\/div>\t\t\t\t<\/div>\n\t\t\t\t<\/div>\n\t\t\t\t<section class=\"elementor-section elementor-inner-section elementor-element elementor-element-bd52d09 elementor-section-boxed elementor-section-height-default elementor-section-height-default\" data-id=\"bd52d09\" data-element_type=\"section\" data-e-type=\"section\" data-settings=\"{&quot;tmea_shape_divider_top&quot;:&quot;none&quot;,&quot;tmea_shape_divider_bottom&quot;:&quot;none&quot;}\">\n\t\t\t\t\t\t<div class=\"elementor-container elementor-column-gap-default\">\n\t\t\t\t\t<div class=\"elementor-column elementor-col-50 elementor-inner-column elementor-element elementor-element-faab6e2\" data-id=\"faab6e2\" data-element_type=\"column\" data-e-type=\"column\">\n\t\t\t<div class=\"elementor-widget-wrap elementor-element-populated\">\n\t\t\t\t\t\t<div class=\"elementor-element elementor-element-58612c3 elementor-position-inline-start icon-box-left elementor-view-default elementor-mobile-position-block-start elementor-widget elementor-widget-icon-box\" data-id=\"58612c3\" data-element_type=\"widget\" data-e-type=\"widget\" data-widget_type=\"icon-box.default\">\n\t\t\t\t<div class=\"elementor-widget-container\">\n\t\t\t\t\t\t\t<div class=\"elementor-icon-box-wrapper\">\n\n\t\t\t\t\t\t<div class=\"elementor-icon-box-icon\">\n\t\t\t\t<span  class=\"elementor-icon\">\n\t\t\t\t<i aria-hidden=\"true\" class=\"fas fa-check-circle\"><\/i>\t\t\t\t<\/span>\n\t\t\t<\/div>\n\t\t\t\n\t\t\t\t\t\t<div class=\"elementor-icon-box-content\">\n\n\t\t\t\t\t\t\t\t\t<h3 class=\"elementor-icon-box-title\">\n\t\t\t\t\t\t<span  >\n\t\t\t\t\t\t\tLa diversidad enriquece al mundo\t\t\t\t\t\t<\/span>\n\t\t\t\t\t<\/h3>\n\t\t\t\t\n\t\t\t\t\n\t\t\t<\/div>\n\t\t\t\n\t\t<\/div>\n\t\t\t\t\t\t<\/div>\n\t\t\t\t<\/div>\n\t\t\t\t\t<\/div>\n\t\t<\/div>\n\t\t\t\t<div class=\"elementor-column elementor-col-50 elementor-inner-column elementor-element elementor-element-b9be0c3\" data-id=\"b9be0c3\" data-element_type=\"column\" data-e-type=\"column\">\n\t\t\t<div class=\"elementor-widget-wrap elementor-element-populated\">\n\t\t\t\t\t\t<div class=\"elementor-element elementor-element-90a4733 elementor-position-inline-start icon-box-left elementor-view-default elementor-mobile-position-block-start elementor-widget elementor-widget-icon-box\" data-id=\"90a4733\" data-element_type=\"widget\" data-e-type=\"widget\" data-widget_type=\"icon-box.default\">\n\t\t\t\t<div class=\"elementor-widget-container\">\n\t\t\t\t\t\t\t<div class=\"elementor-icon-box-wrapper\">\n\n\t\t\t\t\t\t<div class=\"elementor-icon-box-icon\">\n\t\t\t\t<span  class=\"elementor-icon\">\n\t\t\t\t<i aria-hidden=\"true\" class=\"fas fa-check-circle\"><\/i>\t\t\t\t<\/span>\n\t\t\t<\/div>\n\t\t\t\n\t\t\t\t\t\t<div class=\"elementor-icon-box-content\">\n\n\t\t\t\t\t\t\t\t\t<h3 class=\"elementor-icon-box-title\">\n\t\t\t\t\t\t<span  >\n\t\t\t\t\t\t\tAceptar es comprender\t\t\t\t\t\t<\/span>\n\t\t\t\t\t<\/h3>\n\t\t\t\t\n\t\t\t\t\n\t\t\t<\/div>\n\t\t\t\n\t\t<\/div>\n\t\t\t\t\t\t<\/div>\n\t\t\t\t<\/div>\n\t\t\t\t\t<\/div>\n\t\t<\/div>\n\t\t\t\t\t<\/div>\n\t\t<\/section>\n\t\t\t\t<div class=\"elementor-element elementor-element-7705580 elementor-widget elementor-widget-text-editor\" data-id=\"7705580\" data-element_type=\"widget\" data-e-type=\"widget\" data-widget_type=\"text-editor.default\">\n\t\t\t\t<div class=\"elementor-widget-container\">\n\t\t\t\t\t\t\t\t\t<p>Somos la primera asociaci\u00f3n en M\u00e9xico creada por y para autistas.<\/p>\t\t\t\t\t\t\t\t<\/div>\n\t\t\t\t<\/div>\n\t\t\t\t<div class=\"elementor-element elementor-element-dadfced elementor-widget elementor-widget-text-editor\" data-id=\"dadfced\" data-element_type=\"widget\" data-e-type=\"widget\" data-widget_type=\"text-editor.default\">\n\t\t\t\t<div class=\"elementor-widget-container\">\n\t\t\t\t\t\t\t\t\t<p><span style=\"font-weight: 400;\">En la Asociaci\u00f3n Autistas de M\u00e9xico, celebramos las diferencias y promovemos la inclusi\u00f3n porque la diversidad no es azul ni gris, \u00a1es de colores!. Queremos que este sea un lugar seguro para ti, ya seas autista, un amigo (a), un familiar o simplemente alguien interesado en aprender m\u00e1s sobre el autismo.<\/span><\/p><p><span style=\"font-weight: 400;\">Estamos comprometidos con brindar la informaci\u00f3n m\u00e1s actualizada y \u00fatil para construir una sociedad con mayor bienestar. Ponemos especial cuidado en brindar apoyos interseccionales y con perspectiva de g\u00e9nero para acabar con las narrativas da\u00f1inas que han sido perpetuadas alrededor del autismo y su impacto en poblaciones en situaci\u00f3n de vulnerabilidad.<\/span><\/p>\t\t\t\t\t\t\t\t<\/div>\n\t\t\t\t<\/div>\n\t\t\t\t\t<\/div>\n\t\t<\/div>\n\t\t\t\t\t<\/div>\n\t\t<\/section>\n\t\t\t\t<section class=\"elementor-section elementor-top-section elementor-element elementor-element-ecacb8e elementor-section-boxed elementor-section-height-default elementor-section-height-default\" data-id=\"ecacb8e\" data-element_type=\"section\" data-e-type=\"section\" data-settings=\"{&quot;background_background&quot;:&quot;classic&quot;,&quot;tmea_shape_divider_top&quot;:&quot;none&quot;,&quot;tmea_shape_divider_bottom&quot;:&quot;none&quot;}\">\n\t\t\t\t\t\t\t<div class=\"elementor-background-overlay\"><\/div>\n\t\t\t\t\t\t\t<div class=\"elementor-container elementor-column-gap-default\">\n\t\t\t\t\t<div class=\"elementor-column elementor-col-100 elementor-top-column elementor-element elementor-element-359bfd3\" data-id=\"359bfd3\" data-element_type=\"column\" data-e-type=\"column\">\n\t\t\t<div class=\"elementor-widget-wrap elementor-element-populated\">\n\t\t\t\t\t\t<div class=\"elementor-element elementor-element-a15284f elementor-widget elementor-widget-gva-heading-block\" data-id=\"a15284f\" data-element_type=\"widget\" data-e-type=\"widget\" data-widget_type=\"gva-heading-block.default\">\n\t\t\t\t<div class=\"elementor-widget-container\">\n\t\t\t\t\t<div class=\"gva-element-gva-heading-block gva-element\">   <div class=\"align-center style-1 widget gsc-heading box-align-left auto-responsive\">\r\n      <div class=\"content-inner\">\r\n         \r\n                  \r\n         <div class=\"sub-title\"><span class=\"tagline\">Estamos aqu\u00ed para apoyarte<\/span><\/div>  \r\n         \r\n                     <h2 class=\"title\">\r\n               <span>Nuestro objetivo es proporcionar un espacio seguro donde puedas conectarte con otros<\/span>\r\n            <\/h2>\r\n                  \r\n         \r\n                     <div class=\"heading-action\">\r\n               \t\t  <a href=\"https:\/\/autistasdemexico.org\/index.php\/donations-grid\/\" class=\"btn-cta btn-theme \">\r\n\t\t\t <span>Ay\u00fadanos a crecer<\/span>\r\n\t\t  <\/a>\r\n\r\n\t\t              <\/div>\r\n         \r\n      <\/div>\r\n   <\/div>\r\n<\/div>\t\t\t\t<\/div>\n\t\t\t\t<\/div>\n\t\t\t\t\t<\/div>\n\t\t<\/div>\n\t\t\t\t\t<\/div>\n\t\t<\/section>\n\t\t\t\t<section class=\"elementor-section elementor-top-section elementor-element elementor-element-1668d82 elementor-section-boxed elementor-section-height-default elementor-section-height-default\" data-id=\"1668d82\" data-element_type=\"section\" data-e-type=\"section\" data-settings=\"{&quot;tmea_shape_divider_top&quot;:&quot;none&quot;,&quot;tmea_shape_divider_bottom&quot;:&quot;none&quot;}\">\n\t\t\t\t\t\t<div class=\"elementor-container elementor-column-gap-default\">\n\t\t\t\t\t<div class=\"elementor-column elementor-col-100 elementor-top-column elementor-element elementor-element-4c6f31f\" data-id=\"4c6f31f\" data-element_type=\"column\" data-e-type=\"column\">\n\t\t\t<div class=\"elementor-widget-wrap elementor-element-populated\">\n\t\t\t\t\t\t<section class=\"elementor-section elementor-inner-section elementor-element elementor-element-28191ce elementor-section-boxed elementor-section-height-default elementor-section-height-default\" data-id=\"28191ce\" data-element_type=\"section\" data-e-type=\"section\" data-settings=\"{&quot;background_background&quot;:&quot;classic&quot;,&quot;tmea_shape_divider_top&quot;:&quot;none&quot;,&quot;tmea_shape_divider_bottom&quot;:&quot;none&quot;}\">\n\t\t\t\t\t\t<div class=\"elementor-container elementor-column-gap-default\">\n\t\t\t\t\t<div class=\"elementor-column elementor-col-25 elementor-inner-column elementor-element elementor-element-e615050\" data-id=\"e615050\" data-element_type=\"column\" data-e-type=\"column\">\n\t\t\t<div class=\"elementor-widget-wrap elementor-element-populated\">\n\t\t\t\t\t\t<div class=\"elementor-element elementor-element-1c7faba elementor-widget elementor-widget-counter\" data-id=\"1c7faba\" data-element_type=\"widget\" data-e-type=\"widget\" data-widget_type=\"counter.default\">\n\t\t\t\t<div class=\"elementor-widget-container\">\n\t\t\t\t\t\t\t<div class=\"elementor-counter\">\n\t\t\t<div class=\"elementor-counter-title\">Personas Ayudadas<\/div>\t\t\t<div class=\"elementor-counter-number-wrapper\">\n\t\t\t\t<span class=\"elementor-counter-number-prefix\"><\/span>\n\t\t\t\t<span class=\"elementor-counter-number\" data-duration=\"3000\" data-to-value=\"26257\" data-from-value=\"10\" data-delimiter=\",\">10<\/span>\n\t\t\t\t<span class=\"elementor-counter-number-suffix\"><\/span>\n\t\t\t<\/div>\n\t\t<\/div>\n\t\t\t\t\t\t<\/div>\n\t\t\t\t<\/div>\n\t\t\t\t\t<\/div>\n\t\t<\/div>\n\t\t\t\t<div class=\"elementor-column elementor-col-25 elementor-inner-column elementor-element elementor-element-6fd04d2\" data-id=\"6fd04d2\" data-element_type=\"column\" data-e-type=\"column\">\n\t\t\t<div class=\"elementor-widget-wrap elementor-element-populated\">\n\t\t\t\t\t\t<div class=\"elementor-element elementor-element-90bacdc elementor-widget elementor-widget-counter\" data-id=\"90bacdc\" data-element_type=\"widget\" data-e-type=\"widget\" data-widget_type=\"counter.default\">\n\t\t\t\t<div class=\"elementor-widget-container\">\n\t\t\t\t\t\t\t<div class=\"elementor-counter\">\n\t\t\t<div class=\"elementor-counter-title\">Eventos Totales<\/div>\t\t\t<div class=\"elementor-counter-number-wrapper\">\n\t\t\t\t<span class=\"elementor-counter-number-prefix\"><\/span>\n\t\t\t\t<span class=\"elementor-counter-number\" data-duration=\"3000\" data-to-value=\"65\" data-from-value=\"0\" data-delimiter=\",\">0<\/span>\n\t\t\t\t<span class=\"elementor-counter-number-suffix\"><\/span>\n\t\t\t<\/div>\n\t\t<\/div>\n\t\t\t\t\t\t<\/div>\n\t\t\t\t<\/div>\n\t\t\t\t\t<\/div>\n\t\t<\/div>\n\t\t\t\t<div class=\"elementor-column elementor-col-25 elementor-inner-column elementor-element elementor-element-028d35f\" data-id=\"028d35f\" data-element_type=\"column\" data-e-type=\"column\">\n\t\t\t<div class=\"elementor-widget-wrap elementor-element-populated\">\n\t\t\t\t\t\t<div class=\"elementor-element elementor-element-8c38c63 elementor-widget elementor-widget-counter\" data-id=\"8c38c63\" data-element_type=\"widget\" data-e-type=\"widget\" data-widget_type=\"counter.default\">\n\t\t\t\t<div class=\"elementor-widget-container\">\n\t\t\t\t\t\t\t<div class=\"elementor-counter\">\n\t\t\t<div class=\"elementor-counter-title\">Diagnosticos<\/div>\t\t\t<div class=\"elementor-counter-number-wrapper\">\n\t\t\t\t<span class=\"elementor-counter-number-prefix\"><\/span>\n\t\t\t\t<span class=\"elementor-counter-number\" data-duration=\"3000\" data-to-value=\"474\" data-from-value=\"10\" data-delimiter=\",\">10<\/span>\n\t\t\t\t<span class=\"elementor-counter-number-suffix\"><\/span>\n\t\t\t<\/div>\n\t\t<\/div>\n\t\t\t\t\t\t<\/div>\n\t\t\t\t<\/div>\n\t\t\t\t\t<\/div>\n\t\t<\/div>\n\t\t\t\t<div class=\"elementor-column elementor-col-25 elementor-inner-column elementor-element elementor-element-bc74fe6\" data-id=\"bc74fe6\" data-element_type=\"column\" data-e-type=\"column\">\n\t\t\t<div class=\"elementor-widget-wrap elementor-element-populated\">\n\t\t\t\t\t\t<div class=\"elementor-element elementor-element-0cf2967 elementor-widget elementor-widget-counter\" data-id=\"0cf2967\" data-element_type=\"widget\" data-e-type=\"widget\" data-widget_type=\"counter.default\">\n\t\t\t\t<div class=\"elementor-widget-container\">\n\t\t\t\t\t\t\t<div class=\"elementor-counter\">\n\t\t\t<div class=\"elementor-counter-title\">A\u00f1os De Experiencia<\/div>\t\t\t<div class=\"elementor-counter-number-wrapper\">\n\t\t\t\t<span class=\"elementor-counter-number-prefix\"><\/span>\n\t\t\t\t<span class=\"elementor-counter-number\" data-duration=\"3000\" data-to-value=\"6\" data-from-value=\"0\" data-delimiter=\",\">0<\/span>\n\t\t\t\t<span class=\"elementor-counter-number-suffix\"><\/span>\n\t\t\t<\/div>\n\t\t<\/div>\n\t\t\t\t\t\t<\/div>\n\t\t\t\t<\/div>\n\t\t\t\t\t<\/div>\n\t\t<\/div>\n\t\t\t\t\t<\/div>\n\t\t<\/section>\n\t\t\t\t\t<\/div>\n\t\t<\/div>\n\t\t\t\t\t<\/div>\n\t\t<\/section>\n\t\t\t\t<section class=\"elementor-section elementor-top-section elementor-element elementor-element-4aea1b2 elementor-section-boxed elementor-section-height-default elementor-section-height-default\" data-id=\"4aea1b2\" data-element_type=\"section\" data-e-type=\"section\" data-settings=\"{&quot;tmea_shape_divider_top&quot;:&quot;none&quot;,&quot;tmea_shape_divider_bottom&quot;:&quot;none&quot;}\">\n\t\t\t\t\t\t<div class=\"elementor-container elementor-column-gap-default\">\n\t\t\t\t\t<div class=\"elementor-column elementor-col-100 elementor-top-column elementor-element elementor-element-b1e0f62\" data-id=\"b1e0f62\" data-element_type=\"column\" data-e-type=\"column\">\n\t\t\t<div class=\"elementor-widget-wrap elementor-element-populated\">\n\t\t\t\t\t\t<div class=\"elementor-element elementor-element-2ca11e9 elementor-widget elementor-widget-spacer\" data-id=\"2ca11e9\" data-element_type=\"widget\" data-e-type=\"widget\" data-widget_type=\"spacer.default\">\n\t\t\t\t<div class=\"elementor-widget-container\">\n\t\t\t\t\t\t\t<div class=\"elementor-spacer\">\n\t\t\t<div class=\"elementor-spacer-inner\"><\/div>\n\t\t<\/div>\n\t\t\t\t\t\t<\/div>\n\t\t\t\t<\/div>\n\t\t\t\t\t<\/div>\n\t\t<\/div>\n\t\t\t\t\t<\/div>\n\t\t<\/section>\n\t\t\t\t<section class=\"elementor-section elementor-top-section elementor-element elementor-element-e58e64e elementor-section-boxed elementor-section-height-default elementor-section-height-default\" data-id=\"e58e64e\" data-element_type=\"section\" data-e-type=\"section\" data-settings=\"{&quot;tmea_shape_divider_top&quot;:&quot;none&quot;,&quot;tmea_shape_divider_bottom&quot;:&quot;none&quot;}\">\n\t\t\t\t\t\t<div class=\"elementor-container elementor-column-gap-default\">\n\t\t\t\t\t<div class=\"elementor-column elementor-col-100 elementor-top-column elementor-element elementor-element-f19d4d5\" data-id=\"f19d4d5\" data-element_type=\"column\" data-e-type=\"column\">\n\t\t\t<div class=\"elementor-widget-wrap elementor-element-populated\">\n\t\t\t\t\t\t<div class=\"elementor-element elementor-element-c0aa560 elementor-widget elementor-widget-gva-heading-block\" data-id=\"c0aa560\" data-element_type=\"widget\" data-e-type=\"widget\" data-widget_type=\"gva-heading-block.default\">\n\t\t\t\t<div class=\"elementor-widget-container\">\n\t\t\t\t\t<div class=\"gva-element-gva-heading-block gva-element\">   <div class=\"align-center style-1 widget gsc-heading box-align-left auto-responsive\">\r\n      <div class=\"content-inner\">\r\n         \r\n                  \r\n           \r\n         \r\n                     <h2 class=\"title\">\r\n               <span>Conoce a Yadira, Nuestra Presidenta Fundadora.<\/span>\r\n            <\/h2>\r\n                  \r\n         \r\n         \r\n      <\/div>\r\n   <\/div>\r\n<\/div>\t\t\t\t<\/div>\n\t\t\t\t<\/div>\n\t\t\t\t\t<\/div>\n\t\t<\/div>\n\t\t\t\t\t<\/div>\n\t\t<\/section>\n\t\t\t\t<section class=\"elementor-section elementor-top-section elementor-element elementor-element-ae9aeac elementor-section-boxed elementor-section-height-default elementor-section-height-default\" data-id=\"ae9aeac\" data-element_type=\"section\" data-e-type=\"section\" data-settings=\"{&quot;tmea_shape_divider_top&quot;:&quot;none&quot;,&quot;tmea_shape_divider_bottom&quot;:&quot;none&quot;}\">\n\t\t\t\t\t\t<div class=\"elementor-container elementor-column-gap-default\">\n\t\t\t\t\t<div class=\"elementor-column elementor-col-100 elementor-top-column elementor-element elementor-element-fb6494f\" data-id=\"fb6494f\" data-element_type=\"column\" data-e-type=\"column\">\n\t\t\t<div class=\"elementor-widget-wrap elementor-element-populated\">\n\t\t\t\t\t\t<div class=\"elementor-element elementor-element-4b64005 elementor-widget elementor-widget-video\" data-id=\"4b64005\" data-element_type=\"widget\" data-e-type=\"widget\" data-settings=\"{&quot;youtube_url&quot;:&quot;https:\\\/\\\/www.youtube.com\\\/watch?v=AEFzVvjfN6Y&quot;,&quot;show_image_overlay&quot;:&quot;yes&quot;,&quot;image_overlay&quot;:{&quot;url&quot;:&quot;https:\\\/\\\/autistasdemexico.org\\\/wp-content\\\/uploads\\\/2026\\\/04\\\/YT.jpg&quot;,&quot;id&quot;:2677,&quot;size&quot;:&quot;&quot;,&quot;alt&quot;:&quot;&quot;,&quot;source&quot;:&quot;library&quot;},&quot;video_type&quot;:&quot;youtube&quot;,&quot;controls&quot;:&quot;yes&quot;}\" data-widget_type=\"video.default\">\n\t\t\t\t<div class=\"elementor-widget-container\">\n\t\t\t\t\t\t\t<div class=\"elementor-wrapper elementor-open-inline\">\n\t\t\t<div class=\"elementor-video\"><\/div>\t\t\t\t<div class=\"elementor-custom-embed-image-overlay\" style=\"background-image: url(https:\/\/autistasdemexico.org\/wp-content\/uploads\/2026\/04\/YT.jpg);\">\n\t\t\t\t\t\t\t\t\t\t\t\t\t\t\t\t<div class=\"elementor-custom-embed-play\" role=\"button\" aria-label=\"Reproducir v\u00eddeo\" tabindex=\"0\">\n\t\t\t\t\t\t\t<i aria-hidden=\"true\" class=\"eicon-play\"><\/i>\t\t\t\t\t\t<\/div>\n\t\t\t\t\t\t\t\t\t<\/div>\n\t\t\t\t\t<\/div>\n\t\t\t\t\t\t<\/div>\n\t\t\t\t<\/div>\n\t\t\t\t\t<\/div>\n\t\t<\/div>\n\t\t\t\t\t<\/div>\n\t\t<\/section>\n\t\t\t\t<section class=\"elementor-section elementor-top-section elementor-element elementor-element-19fa164 elementor-section-boxed elementor-section-height-default elementor-section-height-default\" data-id=\"19fa164\" data-element_type=\"section\" data-e-type=\"section\" data-settings=\"{&quot;background_background&quot;:&quot;classic&quot;,&quot;tmea_shape_divider_top&quot;:&quot;none&quot;,&quot;tmea_shape_divider_bottom&quot;:&quot;none&quot;}\">\n\t\t\t\t\t\t<div class=\"elementor-container elementor-column-gap-default\">\n\t\t\t\t\t<div class=\"elementor-column elementor-col-100 elementor-top-column elementor-element elementor-element-426f663\" data-id=\"426f663\" data-element_type=\"column\" data-e-type=\"column\">\n\t\t\t<div class=\"elementor-widget-wrap elementor-element-populated\">\n\t\t\t\t\t\t<div class=\"elementor-element elementor-element-284aeee elementor-widget elementor-widget-gva-heading-block\" data-id=\"284aeee\" data-element_type=\"widget\" data-e-type=\"widget\" data-widget_type=\"gva-heading-block.default\">\n\t\t\t\t<div class=\"elementor-widget-container\">\n\t\t\t\t\t<div class=\"gva-element-gva-heading-block gva-element\">   <div class=\"align-center style-1 widget gsc-heading box-align-center auto-responsive\">\r\n      <div class=\"content-inner\">\r\n         \r\n                  \r\n         <div class=\"sub-title\"><span class=\"tagline\">La verdadera riqueza est\u00e1 en dar<\/span><\/div>  \r\n         \r\n                     <h2 class=\"title\">\r\n               <span>Nuestro Equipo<\/span>\r\n            <\/h2>\r\n                  \r\n         \r\n         \r\n      <\/div>\r\n   <\/div>\r\n<\/div>\t\t\t\t<\/div>\n\t\t\t\t<\/div>\n\t\t\t\t\t<\/div>\n\t\t<\/div>\n\t\t\t\t\t<\/div>\n\t\t<\/section>\n\t\t\t\t<section class=\"elementor-section elementor-top-section elementor-element elementor-element-e54e430 elementor-section-boxed elementor-section-height-default elementor-section-height-default\" data-id=\"e54e430\" data-element_type=\"section\" data-e-type=\"section\" data-settings=\"{&quot;tmea_shape_divider_top&quot;:&quot;none&quot;,&quot;tmea_shape_divider_bottom&quot;:&quot;none&quot;}\">\n\t\t\t\t\t\t<div class=\"elementor-container elementor-column-gap-default\">\n\t\t\t\t\t<div class=\"elementor-column elementor-col-100 elementor-top-column elementor-element elementor-element-8dd39d7\" data-id=\"8dd39d7\" data-element_type=\"column\" data-e-type=\"column\">\n\t\t\t<div class=\"elementor-widget-wrap elementor-element-populated\">\n\t\t\t\t\t\t<div class=\"elementor-element elementor-element-78de4c2 elementor-widget elementor-widget-gva-team\" data-id=\"78de4c2\" data-element_type=\"widget\" data-e-type=\"widget\" data-widget_type=\"gva-team.default\">\n\t\t\t\t<div class=\"elementor-widget-container\">\n\t\t\t\t\t<div class=\"gva-element-gva-team gva-element\">\r\n<div class=\"swiper-slider-wrapper gsc-team layout-carousel \">\r\n   <div class=\"swiper-content-inner\">   \r\n      <div class=\"init-carousel-swiper swiper\" data-carousel=\"{&quot;items&quot;:3,&quot;items_lg&quot;:3,&quot;items_md&quot;:3,&quot;items_sm&quot;:2,&quot;items_xs&quot;:2,&quot;items_xx&quot;:1,&quot;effect&quot;:&quot;slide&quot;,&quot;space_between&quot;:30,&quot;loop&quot;:1,&quot;speed&quot;:600,&quot;autoplay&quot;:1,&quot;autoplay_delay&quot;:4500,&quot;autoplay_hover&quot;:1,&quot;navigation&quot;:1,&quot;pagination&quot;:0,&quot;dynamic_bullets&quot;:0,&quot;pagination_type&quot;:&quot;bullets&quot;}\">\r\n         <div class=\"swiper-wrapper\">\r\n                           <div class=\"swiper-slide\">\r\n                  \r\n\r\n\t<div class=\"gsc-team-item-2\">\r\n\t\t\t\t\t<div class=\"team-image\">\r\n\t\t\t\t<div class=\"image-content\">\r\n\t\t\t\t\t<img decoding=\"async\" src=\"https:\/\/autistasdemexico.org\/wp-content\/uploads\/2025\/09\/Yadira-Garcia-Rojas-scaled-e1757638760441.jpg\" alt=\"\" \/>  \r\n\t\t\t\t<\/div>\r\n\t\t\t\t<div class=\"socials-team\">\r\n\t\t\t\t\t<div class=\"socials-control\"><i class=\"fa-solid fa-plus\"><\/i><\/div>\r\n\t\t\t\t\t<div class=\"social-link\">\r\n\t\t\t\t\t\t\t\t\t\t\t\t\t\t\t\t\t\t\t\t\t\t\t\t\t\t\t\t\t<\/div>\r\n\t\t\t\t<\/div>\r\n\t\t\t<\/div>\r\n\t\t  \r\n\t\t<div class=\"team-content\">\r\n\t\t\t<div class=\"content-inner\">\r\n\t\t\t\t\t\t\t\t\t<h3 class=\"team-name\">\r\n\t\t\t\t\t\tYadira Garci\u0301a Rojas   \r\n\t\t\t\t\t<\/h3>\r\n\t\t\t\t\r\n\t\t\t\t\t\t\t\t\t<div class=\"team-job\">Fundadora de Autistas de M\u00e9xico, A.C.<\/div>\r\n\t\t\t\t\r\n\t\t\t\t\t\t\t\t\t<div class=\"team-desc\">\nAutista, TDAH, AACC.\nActivista.\nDefensora de los Derechos Humanos.\nImpulsora de la Inclusi\u00f3n social.\nTrabajando para crear conciencia.\nMadre de una peque\u00f1a autista no hablante.\n\n\n\n<\/div>\r\n\t\t\t\t\r\n\t\t\t\t\r\n\t\t\t<\/div>   \r\n\t\t<\/div>\r\n\t<\/div>      \r\n               <\/div>\r\n                           <div class=\"swiper-slide\">\r\n                  \r\n\r\n\t<div class=\"gsc-team-item-2\">\r\n\t\t\t\t\t<div class=\"team-image\">\r\n\t\t\t\t<div class=\"image-content\">\r\n\t\t\t\t\t<img decoding=\"async\" src=\"https:\/\/autistasdemexico.org\/wp-content\/uploads\/2025\/09\/Giovanna-Villarreal-e1758154307974.jpg\" alt=\"\" \/>  \r\n\t\t\t\t<\/div>\r\n\t\t\t\t<div class=\"socials-team\">\r\n\t\t\t\t\t<div class=\"socials-control\"><i class=\"fa-solid fa-plus\"><\/i><\/div>\r\n\t\t\t\t\t<div class=\"social-link\">\r\n\t\t\t\t\t\t\t\t\t\t\t\t\t\t\t\t\t\t\t\t\t\t\t\t\t\t\t\t\t<\/div>\r\n\t\t\t\t<\/div>\r\n\t\t\t<\/div>\r\n\t\t  \r\n\t\t<div class=\"team-content\">\r\n\t\t\t<div class=\"content-inner\">\r\n\t\t\t\t\t\t\t\t\t<h3 class=\"team-name\">\r\n\t\t\t\t\t\tGiovanna Villarreal   \r\n\t\t\t\t\t<\/h3>\r\n\t\t\t\t\r\n\t\t\t\t\t\t\t\t\t<div class=\"team-job\">Fundadora de Autistas de M\u00e9xico, A.C.<\/div>\r\n\t\t\t\t\r\n\t\t\t\t\t\t\t\t\t<div class=\"team-desc\">Autista. Especialista en Comunicaci\u00f3n Pol\u00edtica. Feminista y enciclop\u00e9dica enfocada en el an\u00e1lisis de datos, perspectiva de g\u00e9nero, gesti\u00f3n ciudadana y Derechos Humanos.<\/div>\r\n\t\t\t\t\r\n\t\t\t\t\r\n\t\t\t<\/div>   \r\n\t\t<\/div>\r\n\t<\/div>      \r\n               <\/div>\r\n                           <div class=\"swiper-slide\">\r\n                  \r\n\r\n\t<div class=\"gsc-team-item-2\">\r\n\t\t\t\t\t<div class=\"team-image\">\r\n\t\t\t\t<div class=\"image-content\">\r\n\t\t\t\t\t<img decoding=\"async\" src=\"https:\/\/autistasdemexico.org\/wp-content\/uploads\/2025\/09\/Jose-Ernesto-Garcia-Rojas-scaled-e1758158357119.jpg\" alt=\"\" \/>  \r\n\t\t\t\t<\/div>\r\n\t\t\t\t<div class=\"socials-team\">\r\n\t\t\t\t\t<div class=\"socials-control\"><i class=\"fa-solid fa-plus\"><\/i><\/div>\r\n\t\t\t\t\t<div class=\"social-link\">\r\n\t\t\t\t\t\t\t\t\t\t\t\t\t\t\t\t\t\t\t\t\t\t\t\t\t\t\t\t\t<\/div>\r\n\t\t\t\t<\/div>\r\n\t\t\t<\/div>\r\n\t\t  \r\n\t\t<div class=\"team-content\">\r\n\t\t\t<div class=\"content-inner\">\r\n\t\t\t\t\t\t\t\t\t<h3 class=\"team-name\">\r\n\t\t\t\t\t\tJos\u00e9 Ernesto Garc\u00eda Rojas   \r\n\t\t\t\t\t<\/h3>\r\n\t\t\t\t\r\n\t\t\t\t\t\t\t\t\t<div class=\"team-job\">Fundador de Autistas de M\u00e9xico, A.C.<\/div>\r\n\t\t\t\t\r\n\t\t\t\t\t\t\t\t\t<div class=\"team-desc\">Neurodivergente. Polit\u00f3logo, completamente comprometido con los Derechos Humanos, es promotor de proyectos culturales que generan conciencia y fortalecen la inclusi\u00f3n social.<\/div>\r\n\t\t\t\t\r\n\t\t\t\t\r\n\t\t\t<\/div>   \r\n\t\t<\/div>\r\n\t<\/div>      \r\n               <\/div>\r\n                           <div class=\"swiper-slide\">\r\n                  \r\n\r\n\t<div class=\"gsc-team-item-2\">\r\n\t\t\t\t\t<div class=\"team-image\">\r\n\t\t\t\t<div class=\"image-content\">\r\n\t\t\t\t\t<img decoding=\"async\" src=\"https:\/\/autistasdemexico.org\/wp-content\/uploads\/2026\/04\/WhatsApp-Image-2026-04-13-at-4.04.06-AM.jpeg\" alt=\"\" \/>  \r\n\t\t\t\t<\/div>\r\n\t\t\t\t<div class=\"socials-team\">\r\n\t\t\t\t\t<div class=\"socials-control\"><i class=\"fa-solid fa-plus\"><\/i><\/div>\r\n\t\t\t\t\t<div class=\"social-link\">\r\n\t\t\t\t\t\t\t\t\t\t\t\t\t\t\t\t\t\t\t\t\t\t\t\t\t\t\t\t\t<\/div>\r\n\t\t\t\t<\/div>\r\n\t\t\t<\/div>\r\n\t\t  \r\n\t\t<div class=\"team-content\">\r\n\t\t\t<div class=\"content-inner\">\r\n\t\t\t\t\t\t\t\t\t<h3 class=\"team-name\">\r\n\t\t\t\t\t\tCarlos Ivan Zerme\u00f1o   \r\n\t\t\t\t\t<\/h3>\r\n\t\t\t\t\r\n\t\t\t\t\t\t\t\t\t<div class=\"team-job\">Director General Autistas de M\u00e9xico, A.C.<\/div>\r\n\t\t\t\t\r\n\t\t\t\t\t\t\t\t\t<div class=\"team-desc\">\nAutista, El T\u00edo Zerme\u00f1o no es influencer ni coach motivacional. Es un provocador inc\u00f3modo que usa el sarcasmo y el an\u00e1lisis cr\u00edtico para desmontar lo pol\u00edticamente correcto y cuestionar las narrativas dominantes. Habla desde la experiencia, las contradicciones y la memoria, recordando que toda interpretaci\u00f3n del mundo est\u00e1 atravesada por nuestras propias heridas<\/div>\r\n\t\t\t\t\r\n\t\t\t\t\r\n\t\t\t<\/div>   \r\n\t\t<\/div>\r\n\t<\/div>      \r\n               <\/div>\r\n                           <div class=\"swiper-slide\">\r\n                  \r\n\r\n\t<div class=\"gsc-team-item-2\">\r\n\t\t\t\t\t<div class=\"team-image\">\r\n\t\t\t\t<div class=\"image-content\">\r\n\t\t\t\t\t<img decoding=\"async\" src=\"https:\/\/autistasdemexico.org\/wp-content\/uploads\/2025\/09\/Cassandra-Salazar-Vilchis.jpg\" alt=\"\" \/>  \r\n\t\t\t\t<\/div>\r\n\t\t\t\t<div class=\"socials-team\">\r\n\t\t\t\t\t<div class=\"socials-control\"><i class=\"fa-solid fa-plus\"><\/i><\/div>\r\n\t\t\t\t\t<div class=\"social-link\">\r\n\t\t\t\t\t\t\t\t\t\t\t\t\t\t\t\t\t\t\t\t\t\t\t\t\t\t\t\t\t<\/div>\r\n\t\t\t\t<\/div>\r\n\t\t\t<\/div>\r\n\t\t  \r\n\t\t<div class=\"team-content\">\r\n\t\t\t<div class=\"content-inner\">\r\n\t\t\t\t\t\t\t\t\t<h3 class=\"team-name\">\r\n\t\t\t\t\t\tCassandra Salazar Vilchis   \r\n\t\t\t\t\t<\/h3>\r\n\t\t\t\t\r\n\t\t\t\t\t\t\t\t\t<div class=\"team-job\">Directora Regional de Jalisco<\/div>\r\n\t\t\t\t\r\n\t\t\t\t\t\t\t\t\t<div class=\"team-desc\">\nAutista, TDAH. Fundadora de Coapli, una comunidad de aprendizaje para personas neurodivergentes de  entre 4 y 15 a\u00f1os. Madre de dos adolescentes neurodivergentes.\n<\/div>\r\n\t\t\t\t\r\n\t\t\t\t\r\n\t\t\t<\/div>   \r\n\t\t<\/div>\r\n\t<\/div>      \r\n               <\/div>\r\n                           <div class=\"swiper-slide\">\r\n                  \r\n\r\n\t<div class=\"gsc-team-item-2\">\r\n\t\t\t\t\t<div class=\"team-image\">\r\n\t\t\t\t<div class=\"image-content\">\r\n\t\t\t\t\t<img decoding=\"async\" src=\"https:\/\/autistasdemexico.org\/wp-content\/uploads\/2025\/09\/Citlali-Limon-Canedo-e1758158067477.jpg\" alt=\"\" \/>  \r\n\t\t\t\t<\/div>\r\n\t\t\t\t<div class=\"socials-team\">\r\n\t\t\t\t\t<div class=\"socials-control\"><i class=\"fa-solid fa-plus\"><\/i><\/div>\r\n\t\t\t\t\t<div class=\"social-link\">\r\n\t\t\t\t\t\t\t\t\t\t\t\t\t\t\t\t\t\t\t\t\t\t\t\t\t\t\t\t\t<\/div>\r\n\t\t\t\t<\/div>\r\n\t\t\t<\/div>\r\n\t\t  \r\n\t\t<div class=\"team-content\">\r\n\t\t\t<div class=\"content-inner\">\r\n\t\t\t\t\t\t\t\t\t<h3 class=\"team-name\">\r\n\t\t\t\t\t\tCitlali Lim\u00f3n Ca\u00f1edo   \r\n\t\t\t\t\t<\/h3>\r\n\t\t\t\t\r\n\t\t\t\t\t\t\t\t\t<div class=\"team-job\">Psic\u00f3loga de Autistas de M\u00e9xico, A.C.<\/div>\r\n\t\t\t\t\r\n\t\t\t\t\t\t\t\t\t<div class=\"team-desc\">Autista y madre de dos adolescentes neurodivergentes. Psic\u00f3loga cl\u00ednica y educativa.  Socialmente consciente, con sensibilidad hacia las neurodivergencias y el capacitismo interiorizado.<\/div>\r\n\t\t\t\t\r\n\t\t\t\t\r\n\t\t\t<\/div>   \r\n\t\t<\/div>\r\n\t<\/div>      \r\n               <\/div>\r\n                           <div class=\"swiper-slide\">\r\n                  \r\n\r\n\t<div class=\"gsc-team-item-2\">\r\n\t\t\t\t\t<div class=\"team-image\">\r\n\t\t\t\t<div class=\"image-content\">\r\n\t\t\t\t\t<img decoding=\"async\" src=\"https:\/\/autistasdemexico.org\/wp-content\/uploads\/2025\/09\/Moises-Flores-Munoz-e1758155350230.jpg\" alt=\"\" \/>  \r\n\t\t\t\t<\/div>\r\n\t\t\t\t<div class=\"socials-team\">\r\n\t\t\t\t\t<div class=\"socials-control\"><i class=\"fa-solid fa-plus\"><\/i><\/div>\r\n\t\t\t\t\t<div class=\"social-link\">\r\n\t\t\t\t\t\t\t\t\t\t\t\t\t\t\t\t\t\t\t\t\t\t\t\t\t\t\t\t\t<\/div>\r\n\t\t\t\t<\/div>\r\n\t\t\t<\/div>\r\n\t\t  \r\n\t\t<div class=\"team-content\">\r\n\t\t\t<div class=\"content-inner\">\r\n\t\t\t\t\t\t\t\t\t<h3 class=\"team-name\">\r\n\t\t\t\t\t\tMoises Flores Mu\u00f1oz   \r\n\t\t\t\t\t<\/h3>\r\n\t\t\t\t\r\n\t\t\t\t\t\t\t\t\t<div class=\"team-job\">Psic\u00f3logo de Autistas de M\u00e9xico, A.C.<\/div>\r\n\t\t\t\t\r\n\t\t\t\t\t\t\t\t\t<div class=\"team-desc\">Autista, TDA. Psic\u00f3logo con especialidad en Necesidades Educativas Especiales.  Acompa\u00f1a a personas neurodivergentes, promoviendo su bienestar, aceptaci\u00f3n y desarrollo personal.\n<\/div>\r\n\t\t\t\t\r\n\t\t\t\t\r\n\t\t\t<\/div>   \r\n\t\t<\/div>\r\n\t<\/div>      \r\n               <\/div>\r\n                           <div class=\"swiper-slide\">\r\n                  \r\n\r\n\t<div class=\"gsc-team-item-2\">\r\n\t\t\t\t\t<div class=\"team-image\">\r\n\t\t\t\t<div class=\"image-content\">\r\n\t\t\t\t\t<img decoding=\"async\" src=\"https:\/\/autistasdemexico.org\/wp-content\/uploads\/2025\/09\/Paulina-Jimenez-Perez-e1758158586876.jpg\" alt=\"\" \/>  \r\n\t\t\t\t<\/div>\r\n\t\t\t\t<div class=\"socials-team\">\r\n\t\t\t\t\t<div class=\"socials-control\"><i class=\"fa-solid fa-plus\"><\/i><\/div>\r\n\t\t\t\t\t<div class=\"social-link\">\r\n\t\t\t\t\t\t\t\t\t\t\t\t\t\t\t\t\t\t\t\t\t\t\t\t\t\t\t\t\t<\/div>\r\n\t\t\t\t<\/div>\r\n\t\t\t<\/div>\r\n\t\t  \r\n\t\t<div class=\"team-content\">\r\n\t\t\t<div class=\"content-inner\">\r\n\t\t\t\t\t\t\t\t\t<h3 class=\"team-name\">\r\n\t\t\t\t\t\tPaulina Jim\u00e9nez P\u00e9rez   \r\n\t\t\t\t\t<\/h3>\r\n\t\t\t\t\r\n\t\t\t\t\t\t\t\t\t<div class=\"team-job\">Asesora de Autistas de M\u00e9xico, A.C.<\/div>\r\n\t\t\t\t\r\n\t\t\t\t\t\t\t\t\t<div class=\"team-desc\">Licenciada en Ciencias Pol\u00edticas y Administraci\u00f3n P\u00fablica por la UNAM, con experiencia en gesti\u00f3n de proyectos sociales y vinculaci\u00f3n institucional  para promover lnclusi\u00f3n y bienestar social.\n<\/div>\r\n\t\t\t\t\r\n\t\t\t\t\r\n\t\t\t<\/div>   \r\n\t\t<\/div>\r\n\t<\/div>      \r\n               <\/div>\r\n                     <\/div> \r\n      <\/div>\r\n   <\/div>   \r\n   <div class=\"swiper-pagination\"><\/div>   <div class=\"swiper-nav-next\"><\/div><div class=\"swiper-nav-prev\"><\/div><\/div>\r\n<\/div>\t\t\t\t<\/div>\n\t\t\t\t<\/div>\n\t\t\t\t\t<\/div>\n\t\t<\/div>\n\t\t\t\t\t<\/div>\n\t\t<\/section>\n\t\t\t\t<section class=\"elementor-section elementor-top-section elementor-element elementor-element-21a468b elementor-section-boxed elementor-section-height-default elementor-section-height-default\" data-id=\"21a468b\" data-element_type=\"section\" data-e-type=\"section\" data-settings=\"{&quot;tmea_shape_divider_top&quot;:&quot;none&quot;,&quot;tmea_shape_divider_bottom&quot;:&quot;none&quot;}\">\n\t\t\t\t\t\t<div class=\"elementor-container elementor-column-gap-default\">\n\t\t\t\t\t<div class=\"elementor-column elementor-col-100 elementor-top-column elementor-element elementor-element-c8d2841\" data-id=\"c8d2841\" data-element_type=\"column\" data-e-type=\"column\">\n\t\t\t<div class=\"elementor-widget-wrap elementor-element-populated\">\n\t\t\t\t\t\t<div class=\"elementor-element elementor-element-30ac184 elementor-widget elementor-widget-text-editor\" data-id=\"30ac184\" data-element_type=\"widget\" data-e-type=\"widget\" data-widget_type=\"text-editor.default\">\n\t\t\t\t<div class=\"elementor-widget-container\">\n\t\t\t\t\t\t\t\t\t<h1 style=\"padding-left: 40px;\"><img decoding=\"async\" class=\"alignleft wp-image-1854\" src=\"https:\/\/autistasdemexico.org\/wp-content\/uploads\/2025\/01\/cropped-favicon.png\" alt=\"\" width=\"100\" height=\"100\" srcset=\"https:\/\/autistasdemexico.org\/wp-content\/uploads\/2025\/01\/cropped-favicon.png 512w, https:\/\/autistasdemexico.org\/wp-content\/uploads\/2025\/01\/cropped-favicon-175x175.png 175w, https:\/\/autistasdemexico.org\/wp-content\/uploads\/2025\/01\/cropped-favicon-300x300.png 300w, https:\/\/autistasdemexico.org\/wp-content\/uploads\/2025\/01\/cropped-favicon-180x180.png 180w, https:\/\/autistasdemexico.org\/wp-content\/uploads\/2025\/01\/cropped-favicon-270x270.png 270w, https:\/\/autistasdemexico.org\/wp-content\/uploads\/2025\/01\/cropped-favicon-192x192.png 192w, https:\/\/autistasdemexico.org\/wp-content\/uploads\/2025\/01\/cropped-favicon-32x32.png 32w\" sizes=\"(max-width: 100px) 100vw, 100px\" \/><strong><span style=\"color: #333333; font-size: 30px;\"> Nuestro equipo especializado<\/span><\/strong><\/h1><p><span style=\"font-weight: 400;\">Adem\u00e1s de quienes aparecen con semblanza y fotograf\u00eda, en Autistas de M\u00e9xico colaboran profesionales en \u00e1reas como Desarrollo Humano, Psicolog\u00eda, Psiquiatr\u00eda y Educaci\u00f3n, cuya experiencia fortalece de manera invaluable nuestro trabajo. Algunas de estas personas han preferido no figurar de manera p\u00fablica, y respetamos plenamente esa decisi\u00f3n. Dado que gran parte de nuest<\/span>ro equipo es autista o neurodivergente, comprendemos que la exposici\u00f3n constante puede resultar abrumadora; por ello, practicamos tambi\u00e9n hacia adentro los ajustes razonables que promovemos. Su presencia discreta no resta valor a s<span style=\"font-weight: 400;\">u labor, que es esencia<\/span>l para que nuestros proyectos lleguen con calidad, calidez y respeto a la comunidad.<\/p>\t\t\t\t\t\t\t\t<\/div>\n\t\t\t\t<\/div>\n\t\t\t\t\t<\/div>\n\t\t<\/div>\n\t\t\t\t\t<\/div>\n\t\t<\/section>\n\t\t\t\t<section class=\"elementor-section elementor-top-section elementor-element elementor-element-1c0ebdbd elementor-section-height-min-height elementor-section-content-middle elementor-section-boxed elementor-section-height-default elementor-section-items-middle\" data-id=\"1c0ebdbd\" data-element_type=\"section\" data-e-type=\"section\" data-settings=\"{&quot;background_background&quot;:&quot;classic&quot;,&quot;tmea_shape_divider_top&quot;:&quot;none&quot;,&quot;tmea_shape_divider_bottom&quot;:&quot;none&quot;}\">\n\t\t\t\t\t\t<div class=\"elementor-container elementor-column-gap-no\">\n\t\t\t\t\t<div class=\"elementor-column elementor-col-100 elementor-top-column elementor-element elementor-element-6ae6b1b2\" data-id=\"6ae6b1b2\" data-element_type=\"column\" data-e-type=\"column\">\n\t\t\t<div class=\"elementor-widget-wrap elementor-element-populated\">\n\t\t\t\t\t\t<div class=\"elementor-element elementor-element-20a22f7 elementor-widget elementor-widget-gva-heading-block\" data-id=\"20a22f7\" data-element_type=\"widget\" data-e-type=\"widget\" data-widget_type=\"gva-heading-block.default\">\n\t\t\t\t<div class=\"elementor-widget-container\">\n\t\t\t\t\t<div class=\"gva-element-gva-heading-block gva-element\">   <div class=\"align-center style-1 widget gsc-heading box-align-left auto-responsive\">\r\n      <div class=\"content-inner\">\r\n         \r\n                  \r\n           \r\n         \r\n                     <h2 class=\"title\">\r\n               <span><br><br>Nuestra Trayectoria<\/span>\r\n            <\/h2>\r\n                  \r\n                     <div class=\"title-desc\">Desde nuestros inicios, hemos trabajado incansablemente para crear un entorno de apoyo y comprensi\u00f3n.<\/div>\r\n         \r\n         \r\n      <\/div>\r\n   <\/div>\r\n<\/div>\t\t\t\t<\/div>\n\t\t\t\t<\/div>\n\t\t\t\t<div class=\"elementor-element elementor-element-6fe5cf86 elementor-widget elementor-widget-tme-timeline\" data-id=\"6fe5cf86\" data-element_type=\"widget\" data-e-type=\"widget\" data-widget_type=\"tme-timeline.default\">\n\t\t\t\t<div class=\"elementor-widget-container\">\n\t\t\t\t\t        <div class=\"tme-timeline tme-timeline-2-col\">\n            <div class=\"tme-timeline__container\">\n                            <div class=\"tme-timeline__block elementor-repeater-item-a15e454\">\n                    <div class=\"tme-timeline__img\">\n                                        <\/div>\n                    <div class=\"tme-timeline__content \">\n                       \n\t\t\t\t\t                    <div class=\"tme-timeline-date\">\n                        <span class=\"tme-timeline__date\">2019<\/span>\n                    <\/div>\n                     \n                    <h5 class=\"tme-timeline-title\"> Creaci\u00f3n de PALAA (Preg\u00fantale a los Adultos Autistas)<\/h5>                    <p><span style=\"font-weight: 400;\">Naci\u00f3 nuestro primer espacio comunitario: un grupo creado por y para personas autistas adultas, donde las preguntas pod\u00edan hacerse sin juicios y las respuestas ven\u00edan desde la experiencia vivida. Fue el inicio de una voz colectiva que reclamaba ser escuchada.<\/span><span style=\"font-weight: 400;\"><br \/><\/span><\/p>\n                    <\/div>\n                <\/div>\n                            <div class=\"tme-timeline__block elementor-repeater-item-135fd81\">\n                    <div class=\"tme-timeline__img\">\n                                        <\/div>\n                    <div class=\"tme-timeline__content \">\n                       \n\t\t\t\t\t                    <div class=\"tme-timeline-date\">\n                        <span class=\"tme-timeline__date\">2020<\/span>\n                    <\/div>\n                     \n                    <h5 class=\"tme-timeline-title\">Caf\u00e9 Autista<\/h5>                    <p><span style=\"font-weight: 400;\">Un espacio virtual que abri\u00f3 la posibilidad de conversar libremente, compartir vivencias y construir comunidad en confianza. Un espacio sencillo pero poderoso, donde ser uno mismo es aceptado y celebrado.<\/span><span style=\"font-weight: 400;\"><br \/><\/span><\/p>\n                    <\/div>\n                <\/div>\n                            <div class=\"tme-timeline__block elementor-repeater-item-f82494f\">\n                    <div class=\"tme-timeline__img\">\n                                        <\/div>\n                    <div class=\"tme-timeline__content \">\n                       \n\t\t\t\t\t                    <div class=\"tme-timeline-date\">\n                        <span class=\"tme-timeline__date\">Diciembre 2021<\/span>\n                    <\/div>\n                     \n                    <h5 class=\"tme-timeline-title\">Registro oficial de Autistas de M\u00e9xico, A.C.<\/h5>                    <p><span style=\"font-weight: 400;\">Un hito hist\u00f3rico: nos convertimos en la primera asociaci\u00f3n en M\u00e9xico fundada y dirigida por autistas desde la neurodiversidad. No fue solo un tr\u00e1mite legal, fue levantar la voz para decir con fuerza <\/span><i><span style=\"font-weight: 400;\">Nada de nosotros sin nosotros<\/span><\/i><span style=\"font-weight: 400;\">.<\/span><\/p>\n                    <\/div>\n                <\/div>\n                            <div class=\"tme-timeline__block elementor-repeater-item-3ba9f98\">\n                    <div class=\"tme-timeline__img\">\n                                        <\/div>\n                    <div class=\"tme-timeline__content \">\n                       \n\t\t\t\t\t                    <div class=\"tme-timeline-date\">\n                        <span class=\"tme-timeline__date\">Febrero 2022<\/span>\n                    <\/div>\n                     \n                    <h5 class=\"tme-timeline-title\">Alianza con GATFAR<\/h5>                    <p><span style=\"font-weight: 400;\">Nos unimos a la <\/span><i><span style=\"font-weight: 400;\">Global Autistic Task Force on Autism Research<\/span><\/i><span style=\"font-weight: 400;\">, una red internacional de m\u00e1s de 20 organizaciones de todo el mundo lideradas por autistas. Con ello llevamos la voz mexicana al di\u00e1logo global, recordando que la investigaci\u00f3n sobre autismo debe incluir a quienes vivimos esta experiencia.<\/span><\/p>\n                    <\/div>\n                <\/div>\n                            <div class=\"tme-timeline__block elementor-repeater-item-f0f9def\">\n                    <div class=\"tme-timeline__img\">\n                                        <\/div>\n                    <div class=\"tme-timeline__content \">\n                       \n\t\t\t\t\t                    <div class=\"tme-timeline-date\">\n                        <span class=\"tme-timeline__date\">Marzo 2022<\/span>\n                    <\/div>\n                     \n                    <h5 class=\"tme-timeline-title\">Di\u00e1logo con el Dr. Tony Charman (The Lancet)<\/h5>                    <p style=\"text-align: right;\"><span style=\"font-weight: 400;\">Junto con GATFAR sostuvimos conversaciones con uno de los investigadores m\u00e1s influyentes a nivel internacional, para exigir que las voces autistas gu\u00eden la ciencia sobre el autismo. Fue un recordatorio claro: la investigaci\u00f3n sin nosotros no nos representa.<\/span><\/p>\n                    <\/div>\n                <\/div>\n                            <div class=\"tme-timeline__block elementor-repeater-item-c85d803\">\n                    <div class=\"tme-timeline__img\">\n                                        <\/div>\n                    <div class=\"tme-timeline__content \">\n                       \n\t\t\t\t\t                    <div class=\"tme-timeline-date\">\n                        <span class=\"tme-timeline__date\">Abril 2022<\/span>\n                    <\/div>\n                     \n                    <h5 class=\"tme-timeline-title\">Campa\u00f1a Auxperiencia \u2013 #RojoEsMejor<\/h5>                    <p><span style=\"font-weight: 400;\">Amplificamos las voces autistas frente a la narrativa azul de la l\u00e1stima y la patologizaci\u00f3n. El rojo se convirti\u00f3 en s\u00edmbolo de orgullo, fuerza y dignidad.<\/span><\/p>\n                    <\/div>\n                <\/div>\n                            <div class=\"tme-timeline__block elementor-repeater-item-714823a\">\n                    <div class=\"tme-timeline__img\">\n                                        <\/div>\n                    <div class=\"tme-timeline__content \">\n                       \n\t\t\t\t\t                    <div class=\"tme-timeline-date\">\n                        <span class=\"tme-timeline__date\">Mayo 2022<\/span>\n                    <\/div>\n                     \n                    <h5 class=\"tme-timeline-title\">Movimiento Orgullo Loco<\/h5>                    <p><span style=\"font-weight: 400;\">Nos sumamos a la marcha contra el capacitismo y el cuerdismo. All\u00ed caminamos hombro con hombro con otras luchas, recordando que la neurodiversidad es parte de una misma exigencia de justicia.<\/span><\/p>\n                    <\/div>\n                <\/div>\n                            <div class=\"tme-timeline__block elementor-repeater-item-997798a\">\n                    <div class=\"tme-timeline__img\">\n                                        <\/div>\n                    <div class=\"tme-timeline__content \">\n                       \n\t\t\t\t\t                    <div class=\"tme-timeline-date\">\n                        <span class=\"tme-timeline__date\">Junio 2022<\/span>\n                    <\/div>\n                     \n                    <h5 class=\"tme-timeline-title\">Orgullo Autista<\/h5>                    <p style=\"text-align: right;\"><span style=\"font-weight: 400;\">Organizamos conferencias y encuentros que celebraron el orgullo de ser autista. Un espacio de libertad y reconocimiento, donde cada persona pudo existir sin m\u00e1scaras.<\/span><span style=\"font-weight: 400;\"><br \/><\/span><\/p>\n                    <\/div>\n                <\/div>\n                            <div class=\"tme-timeline__block elementor-repeater-item-4d78728\">\n                    <div class=\"tme-timeline__img\">\n                                        <\/div>\n                    <div class=\"tme-timeline__content \">\n                       \n\t\t\t\t\t                    <div class=\"tme-timeline-date\">\n                        <span class=\"tme-timeline__date\">2022<\/span>\n                    <\/div>\n                     \n                    <h5 class=\"tme-timeline-title\">Otras actividades<\/h5>                    <p><span style=\"font-weight: 400;\">Facilitamos talleres como <\/span><i><span style=\"font-weight: 400;\">Bullet Journal y salud mental<\/span><\/i><span style=\"font-weight: 400;\">, dimos conferencias de concientizaci\u00f3n en diversas instituciones y realizamos 30 diagn\u00f3sticos accesibles y respetuosos. Peque\u00f1as acciones que, sumadas, construyeron comunidad y cambiaron vidas.<\/span><\/p>\n                    <\/div>\n                <\/div>\n                            <div class=\"tme-timeline__block elementor-repeater-item-f95951f\">\n                    <div class=\"tme-timeline__img\">\n                                        <\/div>\n                    <div class=\"tme-timeline__content \">\n                       \n\t\t\t\t\t                    <div class=\"tme-timeline-date\">\n                        <span class=\"tme-timeline__date\">Febrero 2023<\/span>\n                    <\/div>\n                     \n                    <h5 class=\"tme-timeline-title\">Donataria Autorizada<\/h5>                    <p style=\"text-align: right;\"><span style=\"font-weight: 400;\">Alcanzamos un logro fundamental: convertirnos en donataria autorizada por el SAT. M\u00e1s que un tr\u00e1mite, signific\u00f3 abrir la puerta a que la sociedad se sumara de manera directa a nuestra causa. Cada donativo comenz\u00f3 a traducirse en diagn\u00f3sticos, formaci\u00f3n y comunidad.<br \/><\/span><\/p>\n                    <\/div>\n                <\/div>\n                            <div class=\"tme-timeline__block elementor-repeater-item-53eb9f6\">\n                    <div class=\"tme-timeline__img\">\n                                        <\/div>\n                    <div class=\"tme-timeline__content \">\n                       \n\t\t\t\t\t                    <div class=\"tme-timeline-date\">\n                        <span class=\"tme-timeline__date\">Marzo 2023<\/span>\n                    <\/div>\n                     \n                    <h5 class=\"tme-timeline-title\">Primer contingente de mujeres autistas en la Marcha del 8M en CDMX<\/h5>                    <p><span style=\"font-weight: 400;\">Por primera vez, mujeres autistas marchamos juntas con nuestras propias consignas y banderas. Fue un acto hist\u00f3rico de visibilidad y resistencia, un recordatorio de que tambi\u00e9n somos parte de las luchas feministas.<\/span><\/p>\n                    <\/div>\n                <\/div>\n                            <div class=\"tme-timeline__block elementor-repeater-item-baff6d1\">\n                    <div class=\"tme-timeline__img\">\n                                        <\/div>\n                    <div class=\"tme-timeline__content \">\n                       \n\t\t\t\t\t                    <div class=\"tme-timeline-date\">\n                        <span class=\"tme-timeline__date\">Abril 2023<\/span>\n                    <\/div>\n                     \n                    <h5 class=\"tme-timeline-title\">Campa\u00f1a #RojoEsMejor<\/h5>                    <p style=\"text-align: right;\"><span style=\"font-weight: 400;\">Una vez m\u00e1s defendimos el rojo como s\u00edmbolo de orgullo autista. Nos plantamos frente a la narrativa de la carencia para decir: <i>existimos con dignidad y fuerza, y no necesitamos ser curados<\/i>.<\/span><\/p>\n                    <\/div>\n                <\/div>\n                            <div class=\"tme-timeline__block elementor-repeater-item-bca750a\">\n                    <div class=\"tme-timeline__img\">\n                                        <\/div>\n                    <div class=\"tme-timeline__content \">\n                       \n\t\t\t\t\t                    <div class=\"tme-timeline-date\">\n                        <span class=\"tme-timeline__date\">Junio 2023<\/span>\n                    <\/div>\n                     \n                    <h5 class=\"tme-timeline-title\">Orgullo Autista<\/h5>                    <p><span style=\"font-weight: 400;\">Celebramos un encuentro comunitario donde lo m\u00e1s importante fue la libertad de ser. personas autistas de distintas edades convivimos en un espacio seguro, reconoci\u00e9ndonos unas a otras sin necesidad de ocultarnos.<\/span><\/p>\n                    <\/div>\n                <\/div>\n                            <div class=\"tme-timeline__block elementor-repeater-item-cd10eb9\">\n                    <div class=\"tme-timeline__img\">\n                                        <\/div>\n                    <div class=\"tme-timeline__content \">\n                       \n\t\t\t\t\t                    <div class=\"tme-timeline-date\">\n                        <span class=\"tme-timeline__date\">Octubre 2023<\/span>\n                    <\/div>\n                     \n                    <h5 class=\"tme-timeline-title\">Congreso Hispanoamericano Autista<\/h5>                    <p style=\"text-align: right;\"><span style=\"font-weight: 400;\">Fuimos ponentes en el primer congreso de su tipo, organizado por autistas y para autistas en Guadalajara. Un evento hist\u00f3rico que reuni\u00f3 voces de todo el continente y demostr\u00f3 que el conocimiento vivido es tan valioso como el acad\u00e9mico.<\/span><\/p>\n                    <\/div>\n                <\/div>\n                            <div class=\"tme-timeline__block elementor-repeater-item-274328a\">\n                    <div class=\"tme-timeline__img\">\n                                        <\/div>\n                    <div class=\"tme-timeline__content \">\n                       \n\t\t\t\t\t                    <div class=\"tme-timeline-date\">\n                        <span class=\"tme-timeline__date\">2023<\/span>\n                    <\/div>\n                     \n                    <h5 class=\"tme-timeline-title\">Otras actividades<\/h5>                    <p><span style=\"font-weight: 400;\">Facilitamos el <\/span><i><span style=\"font-weight: 400;\">Taller de Autocuidado Autista<\/span><\/i><span style=\"font-weight: 400;\">, colaboramos con Documenta en la discusi\u00f3n de la Ley de Interdicci\u00f3n, participamos en el documental <\/span><i><span style=\"font-weight: 400;\">Divergente<\/span><\/i><span style=\"font-weight: 400;\">, en la Marcha del Orgullo Loco y en m\u00faltiples conferencias. A lo largo del a\u00f1o realizamos 100 diagn\u00f3sticos, acercando informaci\u00f3n y acompa\u00f1amiento a decenas de familias.<\/span><\/p>\n                    <\/div>\n                <\/div>\n                            <div class=\"tme-timeline__block elementor-repeater-item-29e3eb8\">\n                    <div class=\"tme-timeline__img\">\n                                        <\/div>\n                    <div class=\"tme-timeline__content \">\n                       \n\t\t\t\t\t                    <div class=\"tme-timeline-date\">\n                        <span class=\"tme-timeline__date\">Enero 2024<\/span>\n                    <\/div>\n                     \n                    <h5 class=\"tme-timeline-title\">Afiliaci\u00f3n a ASAN (Autistic Self Advocacy Network)<\/h5>                    <p style=\"text-align: right;\"><span style=\"font-weight: 400;\">Nos unimos a una de las organizaciones m\u00e1s influyentes del mundo lideradas por autistas. Ser parte de ASAN signific\u00f3 conectar nuestra lucha local con un movimiento global de dignidad y autodeterminaci\u00f3n.<\/span><\/p>\n                    <\/div>\n                <\/div>\n                            <div class=\"tme-timeline__block elementor-repeater-item-eebe13c\">\n                    <div class=\"tme-timeline__img\">\n                                        <\/div>\n                    <div class=\"tme-timeline__content \">\n                       \n\t\t\t\t\t                    <div class=\"tme-timeline-date\">\n                        <span class=\"tme-timeline__date\">Marzo 2024<\/span>\n                    <\/div>\n                     \n                    <h5 class=\"tme-timeline-title\">Alianza con Ma\u2019alob Kuxtal y Reuni\u00f3n Autista<\/h5>                    <p><span style=\"font-weight: 400;\">Nos hermanamos con la organizaci\u00f3n autista de Playa del Carmen y organizamos un encuentro profundamente emotivo: un espacio de comunidad, orgullo y apoyo mutuo que fortaleci\u00f3 nuestra identidad colectiva.<\/span><\/p>\n                    <\/div>\n                <\/div>\n                            <div class=\"tme-timeline__block elementor-repeater-item-43f0670\">\n                    <div class=\"tme-timeline__img\">\n                                        <\/div>\n                    <div class=\"tme-timeline__content \">\n                       \n\t\t\t\t\t                    <div class=\"tme-timeline-date\">\n                        <span class=\"tme-timeline__date\">Abril 2024<\/span>\n                    <\/div>\n                     \n                    <h5 class=\"tme-timeline-title\">Campa\u00f1a #RojoEsMejor<\/h5>                    <p style=\"text-align: right;\"><span style=\"font-weight: 400;\">Desde la voz de activistas autistas hablamos p\u00fablicamente sobre capacitismo y neurodiversidad. Fue un recordatorio de que nuestra narrativa nace de quienes vivimos el autismo.<\/span><\/p>\n                    <\/div>\n                <\/div>\n                            <div class=\"tme-timeline__block elementor-repeater-item-86151a5\">\n                    <div class=\"tme-timeline__img\">\n                                        <\/div>\n                    <div class=\"tme-timeline__content \">\n                       \n\t\t\t\t\t                    <div class=\"tme-timeline-date\">\n                        <span class=\"tme-timeline__date\">Junio 2024<\/span>\n                    <\/div>\n                     \n                    <h5 class=\"tme-timeline-title\">Orgullo Autista<\/h5>                    <p><span style=\"font-weight: 400;\">Con charlas, conferencias y di\u00e1logos, celebramos nuevamente la diversidad y reafirmamos que ser autista es motivo de orgullo.<\/span><\/p>\n                    <\/div>\n                <\/div>\n                            <div class=\"tme-timeline__block elementor-repeater-item-43b01b0\">\n                    <div class=\"tme-timeline__img\">\n                                        <\/div>\n                    <div class=\"tme-timeline__content \">\n                       \n\t\t\t\t\t                    <div class=\"tme-timeline-date\">\n                        <span class=\"tme-timeline__date\">Junio 2024<\/span>\n                    <\/div>\n                     \n                    <h5 class=\"tme-timeline-title\">Conferencia en EsSalud (Per\u00fa)<\/h5>                    <p style=\"text-align: right;\"><span style=\"font-weight: 400;\">Llevamos nuestro mensaje hasta el sistema de salud p\u00fablica de otro pa\u00eds. Un paso importante para que la perspectiva autista trascienda fronteras.<\/span><\/p>\n                    <\/div>\n                <\/div>\n                            <div class=\"tme-timeline__block elementor-repeater-item-e5417a4\">\n                    <div class=\"tme-timeline__img\">\n                                        <\/div>\n                    <div class=\"tme-timeline__content \">\n                       \n\t\t\t\t\t                    <div class=\"tme-timeline-date\">\n                        <span class=\"tme-timeline__date\">Julio 2024<\/span>\n                    <\/div>\n                     \n                    <h5 class=\"tme-timeline-title\">Estreno ben\u00e9fico de Ezra<\/h5>                    <p><span style=\"font-weight: 400;\">Con el apoyo de Fundaci\u00f3n Grupo M\u00e9xico, Cinemex y Diamond Films, realizamos una premier a beneficio que nos permiti\u00f3 financiar 20 diagn\u00f3sticos. Una muestra de c\u00f3mo el arte y la comunidad pueden transformar vidas.<\/span><\/p>\n                    <\/div>\n                <\/div>\n                            <div class=\"tme-timeline__block elementor-repeater-item-3d36033\">\n                    <div class=\"tme-timeline__img\">\n                                        <\/div>\n                    <div class=\"tme-timeline__content \">\n                       \n\t\t\t\t\t                    <div class=\"tme-timeline-date\">\n                        <span class=\"tme-timeline__date\">Octubre 2024<\/span>\n                    <\/div>\n                     \n                    <h5 class=\"tme-timeline-title\">Desayuno para Mujeres Autistas<\/h5>                    <p style=\"text-align: right;\"><span style=\"font-weight: 400;\">Un encuentro profundamente significativo: un espacio seguro donde mujeres autistas pudieron compartir experiencias, reconocerse y acompa\u00f1arse sin m\u00e1scaras. Fue comunidad en su forma m\u00e1s genuina: apoyo, fuerza y la certeza de que no estamos solas.<\/span><span style=\"font-weight: 400;\"><br \/><\/span><\/p>\n                    <\/div>\n                <\/div>\n                            <div class=\"tme-timeline__block elementor-repeater-item-6b372d6\">\n                    <div class=\"tme-timeline__img\">\n                                        <\/div>\n                    <div class=\"tme-timeline__content \">\n                       \n\t\t\t\t\t                    <div class=\"tme-timeline-date\">\n                        <span class=\"tme-timeline__date\">2024<\/span>\n                    <\/div>\n                     \n                    <h5 class=\"tme-timeline-title\">Otras actividades<\/h5>                    <p><span style=\"font-weight: 400;\">Organizamos contingentes neurodivergentes en CDMX y Guadalajara para el D\u00eda de la Mujer, impartimos talleres sobre alexitimia, funciones ejecutivas, comunicaci\u00f3n y perfil sensorial, dimos conferencias en instituciones como Indiscapacidad y DIF Gaby Brimmer, participamos en la Marcha de Personas con Discapacidad en Jalisco y realizamos un total de 231 diagn\u00f3sticos.<\/span><\/p>\n                    <\/div>\n                <\/div>\n                            <div class=\"tme-timeline__block elementor-repeater-item-c2743b2\">\n                    <div class=\"tme-timeline__img\">\n                                        <\/div>\n                    <div class=\"tme-timeline__content \">\n                       \n\t\t\t\t\t                    <div class=\"tme-timeline-date\">\n                        <span class=\"tme-timeline__date\">Abril 2025<\/span>\n                    <\/div>\n                     \n                    <h5 class=\"tme-timeline-title\">Festival de la Neurodivergencia (Universidad de Guadalajara)<\/h5>                    <p><span style=\"font-weight: 400;\">Fuimos ponentes en un evento universitario que abri\u00f3 las puertas a la neurodiversidad en la academia, demostrando que la voz autista debe tener un lugar en todos los espacios.<\/span><\/p>\n<p style=\"text-align: right;\"><span style=\"font-weight: 400;\">\u00a0<\/span><\/p>\n                    <\/div>\n                <\/div>\n                            <div class=\"tme-timeline__block elementor-repeater-item-bd7e742\">\n                    <div class=\"tme-timeline__img\">\n                                        <\/div>\n                    <div class=\"tme-timeline__content \">\n                       \n\t\t\t\t\t                    <div class=\"tme-timeline-date\">\n                        <span class=\"tme-timeline__date\">Mayo 2025<\/span>\n                    <\/div>\n                     \n                    <h5 class=\"tme-timeline-title\">Protocolo para embarazadas autistas<\/h5>                    <p><span style=\"font-weight: 400;\">En colaboraci\u00f3n con el Instituto Nacional de Perinatolog\u00eda, desarrollamos un protocolo que transformar\u00e1 la atenci\u00f3n de salud p\u00fablica para mujeres autistas durante el embarazo y el parto, asegurando respeto, comprensi\u00f3n y acompa\u00f1amiento digno. Este documento representa un paso hist\u00f3rico hacia la inclusi\u00f3n y el bienestar de la maternidad autista en M\u00e9xico.<\/span><\/p>\n                    <\/div>\n                <\/div>\n                            <div class=\"tme-timeline__block elementor-repeater-item-7c4e9c0\">\n                    <div class=\"tme-timeline__img\">\n                                        <\/div>\n                    <div class=\"tme-timeline__content \">\n                       \n\t\t\t\t\t                    <div class=\"tme-timeline-date\">\n                        <span class=\"tme-timeline__date\">2025<\/span>\n                    <\/div>\n                     \n                    <h5 class=\"tme-timeline-title\">Otras Actividades<\/h5>                    <p><span style=\"font-weight: 400;\">A mitad de a\u00f1o hemos realizado 113 diagn\u00f3sticos, reafirmando nuestro compromiso con el acceso a evaluaciones dignas, respetuosas y accesibles para la comunidad.<\/span><\/p>\n<p style=\"text-align: right;\"><span style=\"font-weight: 400;\">\u00a0<\/span><\/p>\n                    <\/div>\n                <\/div>\n                        <\/div>\n        <\/div>\n        \t\t\t\t<\/div>\n\t\t\t\t<\/div>\n\t\t\t\t\t<\/div>\n\t\t<\/div>\n\t\t\t\t\t<\/div>\n\t\t<\/section>\n\t\t\t\t<section class=\"elementor-section elementor-top-section elementor-element elementor-element-fa88bcd elementor-section-stretched elementor-reverse-tablet elementor-reverse-mobile elementor-section-boxed elementor-section-height-default elementor-section-height-default\" data-id=\"fa88bcd\" data-element_type=\"section\" data-e-type=\"section\" data-settings=\"{&quot;stretch_section&quot;:&quot;section-stretched&quot;,&quot;background_background&quot;:&quot;classic&quot;,&quot;tmea_shape_divider_top&quot;:&quot;none&quot;,&quot;tmea_shape_divider_bottom&quot;:&quot;none&quot;}\">\n\t\t\t\t\t\t<div class=\"elementor-container elementor-column-gap-no\">\n\t\t\t\t\t<div class=\"elementor-column elementor-col-100 elementor-top-column elementor-element elementor-element-1b02a3f4\" data-id=\"1b02a3f4\" data-element_type=\"column\" data-e-type=\"column\">\n\t\t\t<div class=\"elementor-widget-wrap elementor-element-populated\">\n\t\t\t\t\t\t<section class=\"elementor-section elementor-inner-section elementor-element elementor-element-1e209af0 elementor-section-content-middle elementor-section-full_width elementor-section-height-default elementor-section-height-default\" data-id=\"1e209af0\" data-element_type=\"section\" data-e-type=\"section\" data-settings=\"{&quot;tmea_shape_divider_top&quot;:&quot;none&quot;,&quot;tmea_shape_divider_bottom&quot;:&quot;none&quot;}\">\n\t\t\t\t\t\t<div class=\"elementor-container elementor-column-gap-no\">\n\t\t\t\t\t<div class=\"elementor-column elementor-col-50 elementor-inner-column elementor-element elementor-element-10966713\" data-id=\"10966713\" data-element_type=\"column\" data-e-type=\"column\">\n\t\t\t<div class=\"elementor-widget-wrap elementor-element-populated\">\n\t\t\t\t\t\t<div class=\"elementor-element elementor-element-67ca2013 elementor-widget__width-auto elementor-view-default elementor-widget elementor-widget-icon\" data-id=\"67ca2013\" data-element_type=\"widget\" data-e-type=\"widget\" data-widget_type=\"icon.default\">\n\t\t\t\t<div class=\"elementor-widget-container\">\n\t\t\t\t\t\t\t<div class=\"elementor-icon-wrapper\">\n\t\t\t<div class=\"elementor-icon\">\n\t\t\t<i aria-hidden=\"true\" class=\"fas fa-question-circle\"><\/i>\t\t\t<\/div>\n\t\t<\/div>\n\t\t\t\t\t\t<\/div>\n\t\t\t\t<\/div>\n\t\t\t\t<div class=\"elementor-element elementor-element-6427525d elementor-widget__width-auto elementor-widget elementor-widget-tme-heading\" data-id=\"6427525d\" data-element_type=\"widget\" data-e-type=\"widget\" data-widget_type=\"tme-heading.default\">\n\t\t\t\t<div class=\"elementor-widget-container\">\n\t\t\t\t\t<h2 class=\"tme-heading\"><span>Preguntas Frecuentes<\/span><\/h2>\t\t\t\t<\/div>\n\t\t\t\t<\/div>\n\t\t\t\t\t<\/div>\n\t\t<\/div>\n\t\t\t\t<div class=\"elementor-column elementor-col-50 elementor-inner-column elementor-element elementor-element-7c59539b\" data-id=\"7c59539b\" data-element_type=\"column\" data-e-type=\"column\">\n\t\t\t<div class=\"elementor-widget-wrap elementor-element-populated\">\n\t\t\t\t\t\t<div class=\"elementor-element elementor-element-780eb4a5 elementor-widget__width-auto elementor-widget-mobile__width-inherit elementor-widget elementor-widget-tme-heading\" data-id=\"780eb4a5\" data-element_type=\"widget\" data-e-type=\"widget\" data-widget_type=\"tme-heading.default\">\n\t\t\t\t<div class=\"elementor-widget-container\">\n\t\t\t\t\t<p class=\"tme-heading\"><span>\u00bfTienes m\u00e1s dudas?<\/span><\/p>\t\t\t\t<\/div>\n\t\t\t\t<\/div>\n\t\t\t\t<div class=\"elementor-element elementor-element-350ef881 elementor-widget__width-auto elementor-widget-mobile__width-inherit elementor-widget elementor-widget-tme-button\" data-id=\"350ef881\" data-element_type=\"widget\" data-e-type=\"widget\" data-widget_type=\"tme-button.default\">\n\t\t\t\t<div class=\"elementor-widget-container\">\n\t\t\t\t\t                <div class=\"tme-btn-wrapper\">\n            <a id=\"\" class=\"tme-btn-md tme-btn-2\" href=\"https:\/\/autistasdemexico.org\/index.php\/contact\/\"  target=\"_blank\"  rel=\"nofollow\">\n\t\t\t\tCont\u00e1ctanos            <\/a>\n        <\/div>\n        \t\t\t\t<\/div>\n\t\t\t\t<\/div>\n\t\t\t\t\t<\/div>\n\t\t<\/div>\n\t\t\t\t\t<\/div>\n\t\t<\/section>\n\t\t\t\t<div class=\"elementor-element elementor-element-140bd670 elementor-widget elementor-widget-tme-accordion\" data-id=\"140bd670\" data-element_type=\"widget\" data-e-type=\"widget\" data-widget_type=\"tme-accordion.default\">\n\t\t\t\t<div class=\"elementor-widget-container\">\n\t\t\t\t\t            <div class=\"tme-accordions\" data-selfclose=\"false\" data-opensingle=\"false\" data-openspeed=\"200\" data-closespeed=\"200\" data-autoscroll=\"false\" data-scrollspeed=\"400\" data-scrolloffset=\"0\">\n               \n                <div id=\"tme-38a9d94-1397250431\"  class=\"tmeaccordion is-default\" data-tmeaccordion-options='{\"selfBlock\": false}'>\n                    <h5 class=\"tmeaccordion__head\">\t\t\t\t\t\t\t\t\t\t\t\t\t\t\t\t\t\t\u00bfQu\u00e9 es el autismo?                     <\/h5>                    <div class=\"tmeaccordion__body\">\n                        <p><span style=\"font-weight: 400;\">El autismo ha estado rodeado de desinformaci\u00f3n y estereotipos que generan miedo e incertidumbre en muchas familias. Aunque a menudo se llega a esta palabra desde un enfoque incorrecto, en Autistas de M\u00e9xico estamos aqu\u00ed para acompa\u00f1arte a entenderlo de manera clara y humana. El autismo es una forma \u00fanica de experimentar el mundo: cada persona autista tiene sus propias fortalezas, desaf\u00edos y formas de comunicarse. No es una enfermedad que deba \u201ccurarse\u201d, sino una parte valiosa de la diversidad humana que merece ser reconocida, respetada y celebrada.<\/span><\/p>                    <\/div>\n                <\/div>\n               \n                <div id=\"tme-01869d3-1397250431\"  class=\"tmeaccordion is-default\" data-tmeaccordion-options='{\"selfBlock\": false}'>\n                    <h5 class=\"tmeaccordion__head\">\t\t\t\t\t\t\t\t\t\t\t\t\t\t\t\t\t\t\u00bfQu\u00e9 hace Autistas De M\u00e9xico A.C.?                    <\/h5>                    <div class=\"tmeaccordion__body\">\n                        <p><span style=\"font-weight: 400;\">En Autistas de M\u00e9xico trabajamos por los derechos y el bienestar de las personas autistas y sus familias. Ofrecemos acompa\u00f1amiento y apoyo a madres, padres y cuidadores, as\u00ed como talleres, diplomados y espacios de formaci\u00f3n que promueven una comprensi\u00f3n respetuosa del autismo desde la perspectiva de la neurodiversidad. Tambi\u00e9n capacitamos a escuelas, empresas e instituciones para impulsar la inclusi\u00f3n real y combatir el capacitismo. Nuestro compromiso es crear una sociedad en la que todas las personas puedan vivir con dignidad y autenticidad.<\/span><\/p>                    <\/div>\n                <\/div>\n               \n                <div id=\"tme-e395918-1397250431\"  class=\"tmeaccordion is-default\" data-tmeaccordion-options='{\"selfBlock\": false}'>\n                    <h5 class=\"tmeaccordion__head\">\t\t\t\t\t\t\t\t\t\t\t\t\t\t\t\t\t\tMi donaci\u00f3n es deducible de impuestos?                    <\/h5>                    <div class=\"tmeaccordion__body\">\n                        <p><span style=\"font-weight: 400;\">S\u00ed. Autistas de M\u00e9xico, A.C. cuenta con autorizaci\u00f3n del SAT como donataria, por lo que tus donaciones son 100% deducibles de impuestos en M\u00e9xico. Eso significa que al apoyarnos no solo impulsas proyectos que transforman la vida de personas autistas y sus familias, tambi\u00e9n recibes tu comprobante fiscal para aprovechar el beneficio en tu declaraci\u00f3n. \u00a1Tu ayuda suma doble: genera impacto social y tambi\u00e9n un beneficio para ti!<\/span><\/p>                    <\/div>\n                <\/div>\n               \n                <div id=\"tme-3e557a9-1397250431\"  class=\"tmeaccordion is-default\" data-tmeaccordion-options='{\"selfBlock\": false}'>\n                    <h5 class=\"tmeaccordion__head\">\t\t\t\t\t\t\t\t\t\t\t\t\t\t\t\t\t\t\u00bfQue servicios ofrecen?                    <\/h5>                    <div class=\"tmeaccordion__body\">\n                        <p><span style=\"font-weight: 400;\">En Autistas de M\u00e9xico brindamos servicios accesibles y respetuosos que parten de la perspectiva de la neurodiversidad. Entre ellos se encuentran: diagn\u00f3stico diferencial de Autismo y TDAH, evaluaci\u00f3n de perfil sensorial, diagn\u00f3stico de Altas Capacidades, as\u00ed como una comunidad de apoyo y aprendizaje para madres, padres y cuidadores. Adem\u00e1s, desarrollamos talleres, diplomados, aplicaciones y otros recursos que fortalecen la inclusi\u00f3n y el bienestar de las personas autistas y sus familias.<\/span><\/p>                    <\/div>\n                <\/div>\n               \n                <div id=\"tme-a6f3686-1397250431\"  class=\"tmeaccordion is-default\" data-tmeaccordion-options='{\"selfBlock\": false}'>\n                    <h5 class=\"tmeaccordion__head\">\t\t\t\t\t\t\t\t\t\t\t\t\t\t\t\t\t\t\u00bfSus servicios son gratuitos?                    <\/h5>                    <div class=\"tmeaccordion__body\">\n                        <p><span style=\"font-weight: 400;\">Nuestros servicios no son completamente gratuitos ya que Autistas de M\u00e9xico depende de las contribuciones de quienes nos apoyan y de las cuotas de recuperaci\u00f3n por los programas que ofrecemos. Cada aporte nos permite mantener y ampliar talleres, diplomados, recursos y comunidades de apoyo para la comunidad autista. De manera excepcional, realizamos recaudaciones para apoyar a personas con recursos limitados, y en algunos casos las propias familias pueden buscar donativos para acceder a nuestros servicios. Nuestro objetivo es que todas las personas que lo necesiten tengan la oportunidad de participar, reconociendo que los costos son altos pero buscando siempre v\u00edas de inclusi\u00f3n.<\/span><\/p>                    <\/div>\n                <\/div>\n                \n            <\/div>\n            \t\t\t\t<\/div>\n\t\t\t\t<\/div>\n\t\t\t\t\t<\/div>\n\t\t<\/div>\n\t\t\t\t\t<\/div>\n\t\t<\/section>\n\t\t\t\t<section class=\"elementor-section elementor-top-section elementor-element elementor-element-33127a8 elementor-section-boxed elementor-section-height-default elementor-section-height-default\" data-id=\"33127a8\" data-element_type=\"section\" data-e-type=\"section\" data-settings=\"{&quot;tmea_shape_divider_top&quot;:&quot;none&quot;,&quot;tmea_shape_divider_bottom&quot;:&quot;none&quot;}\">\n\t\t\t\t\t\t<div class=\"elementor-container elementor-column-gap-default\">\n\t\t\t\t\t<div class=\"elementor-column elementor-col-100 elementor-top-column elementor-element elementor-element-80996c8\" data-id=\"80996c8\" data-element_type=\"column\" data-e-type=\"column\">\n\t\t\t<div class=\"elementor-widget-wrap elementor-element-populated\">\n\t\t\t\t\t\t<div class=\"elementor-element elementor-element-5ed719c elementor-widget elementor-widget-spacer\" data-id=\"5ed719c\" data-element_type=\"widget\" data-e-type=\"widget\" data-widget_type=\"spacer.default\">\n\t\t\t\t<div class=\"elementor-widget-container\">\n\t\t\t\t\t\t\t<div class=\"elementor-spacer\">\n\t\t\t<div class=\"elementor-spacer-inner\"><\/div>\n\t\t<\/div>\n\t\t\t\t\t\t<\/div>\n\t\t\t\t<\/div>\n\t\t\t\t\t<\/div>\n\t\t<\/div>\n\t\t\t\t\t<\/div>\n\t\t<\/section>\n\t\t\t\t<section class=\"elementor-section elementor-top-section elementor-element elementor-element-2e6ef38 elementor-section-boxed elementor-section-height-default elementor-section-height-default\" data-id=\"2e6ef38\" data-element_type=\"section\" data-e-type=\"section\" data-settings=\"{&quot;tmea_shape_divider_top&quot;:&quot;none&quot;,&quot;tmea_shape_divider_bottom&quot;:&quot;none&quot;}\">\n\t\t\t\t\t\t<div class=\"elementor-container elementor-column-gap-default\">\n\t\t\t\t\t<div class=\"elementor-column elementor-col-100 elementor-top-column elementor-element elementor-element-1a14158\" data-id=\"1a14158\" data-element_type=\"column\" data-e-type=\"column\">\n\t\t\t<div class=\"elementor-widget-wrap elementor-element-populated\">\n\t\t\t\t\t\t<div class=\"elementor-element elementor-element-0b779bf elementor-widget elementor-widget-gva-heading-block\" data-id=\"0b779bf\" data-element_type=\"widget\" data-e-type=\"widget\" data-widget_type=\"gva-heading-block.default\">\n\t\t\t\t<div class=\"elementor-widget-container\">\n\t\t\t\t\t<div class=\"gva-element-gva-heading-block gva-element\">   <div class=\"align-center style-1 widget gsc-heading box-align-center auto-responsive\">\r\n      <div class=\"content-inner\">\r\n         \r\n                  \r\n         <div class=\"sub-title\"><span class=\"tagline\">Somos una fundaci\u00f3n confiable<\/span><\/div>  \r\n         \r\n                     <h2 class=\"title\">\r\n               <span>Transparencia<\/span>\r\n            <\/h2>\r\n                  \r\n                     <div class=\"title-desc\">Puedes descargar el siguiente documento y comprobar que somos una fundaci\u00f3n donataria regulada en M\u00e9xico.<\/div>\r\n         \r\n         \r\n      <\/div>\r\n   <\/div>\r\n<\/div>\t\t\t\t<\/div>\n\t\t\t\t<\/div>\n\t\t\t\t\t<\/div>\n\t\t<\/div>\n\t\t\t\t\t<\/div>\n\t\t<\/section>\n\t\t\t\t<section class=\"elementor-section elementor-top-section elementor-element elementor-element-a366242 elementor-section-boxed elementor-section-height-default elementor-section-height-default\" data-id=\"a366242\" data-element_type=\"section\" data-e-type=\"section\" data-settings=\"{&quot;tmea_shape_divider_top&quot;:&quot;none&quot;,&quot;tmea_shape_divider_bottom&quot;:&quot;none&quot;}\">\n\t\t\t\t\t\t<div class=\"elementor-container elementor-column-gap-default\">\n\t\t\t\t\t<div class=\"elementor-column elementor-col-100 elementor-top-column elementor-element elementor-element-7d70ec7\" data-id=\"7d70ec7\" data-element_type=\"column\" data-e-type=\"column\">\n\t\t\t<div class=\"elementor-widget-wrap elementor-element-populated\">\n\t\t\t\t\t\t<div class=\"elementor-element elementor-element-c733355 elementor-widget elementor-widget-tme-pdf_viewer\" data-id=\"c733355\" data-element_type=\"widget\" data-e-type=\"widget\" data-widget_type=\"tme-pdf_viewer.default\">\n\t\t\t\t<div class=\"elementor-widget-container\">\n\t\t\t\t\t        <div class=\"tmea-pdf-viewer-container\" style=\"display:flex;width:100%;flex-direction:column;\">\n            <div class=\"tmea-pdf-viewer\" style=\"max-width:100%;\" data-pdfurl=\"https:\/\/autistasdemexico.org\/wp-content\/uploads\/2025\/09\/Transparencia-2025.pdf\" data-fallbackmsg=\"Your browser does not support inline PDFs. Click here to view the file.\"><\/div>\n        <\/div>\n\t\t\t\t\t<\/div>\n\t\t\t\t<\/div>\n\t\t\t\t\t<\/div>\n\t\t<\/div>\n\t\t\t\t\t<\/div>\n\t\t<\/section>\n\t\t\t\t<section class=\"elementor-section elementor-top-section elementor-element elementor-element-21d94c8 elementor-section-boxed elementor-section-height-default elementor-section-height-default\" data-id=\"21d94c8\" data-element_type=\"section\" data-e-type=\"section\" data-settings=\"{&quot;tmea_shape_divider_top&quot;:&quot;none&quot;,&quot;tmea_shape_divider_bottom&quot;:&quot;none&quot;}\">\n\t\t\t\t\t\t<div class=\"elementor-container elementor-column-gap-default\">\n\t\t\t\t\t<div class=\"elementor-column elementor-col-100 elementor-top-column elementor-element elementor-element-fba8fc6\" data-id=\"fba8fc6\" data-element_type=\"column\" data-e-type=\"column\">\n\t\t\t<div class=\"elementor-widget-wrap elementor-element-populated\">\n\t\t\t\t\t\t<div class=\"elementor-element elementor-element-09bfaf1 elementor-widget elementor-widget-spacer\" data-id=\"09bfaf1\" data-element_type=\"widget\" data-e-type=\"widget\" data-widget_type=\"spacer.default\">\n\t\t\t\t<div class=\"elementor-widget-container\">\n\t\t\t\t\t\t\t<div class=\"elementor-spacer\">\n\t\t\t<div class=\"elementor-spacer-inner\"><\/div>\n\t\t<\/div>\n\t\t\t\t\t\t<\/div>\n\t\t\t\t<\/div>\n\t\t\t\t\t<\/div>\n\t\t<\/div>\n\t\t\t\t\t<\/div>\n\t\t<\/section>\n\t\t\t\t<\/div>\n\t\t","protected":false},"excerpt":{"rendered":"<p>Autistas de M\u00e9xico A.C. + De 5 A\u00f1os De Experiencia Por una Neurodiversidad con Dignidad Celebramos las diferencias La diversidad enriquece al mundo Aceptar es comprender Somos la primera asociaci\u00f3n [&hellip;]<\/p>\n","protected":false},"author":1,"featured_media":0,"parent":0,"menu_order":0,"comment_status":"closed","ping_status":"closed","template":"","meta":{"give_campaign_id":0,"_coblocks_attr":"","_coblocks_dimensions":"","_coblocks_responsive_height":"","_coblocks_accordion_ie_support":"","footnotes":""},"class_list":["post-21","page","type-page","status-publish","hentry"],"campaignId":"","_links":{"self":[{"href":"https:\/\/autistasdemexico.org\/index.php\/wp-json\/wp\/v2\/pages\/21","targetHints":{"allow":["GET"]}}],"collection":[{"href":"https:\/\/autistasdemexico.org\/index.php\/wp-json\/wp\/v2\/pages"}],"about":[{"href":"https:\/\/autistasdemexico.org\/index.php\/wp-json\/wp\/v2\/types\/page"}],"author":[{"embeddable":true,"href":"https:\/\/autistasdemexico.org\/index.php\/wp-json\/wp\/v2\/users\/1"}],"replies":[{"embeddable":true,"href":"https:\/\/autistasdemexico.org\/index.php\/wp-json\/wp\/v2\/comments?post=21"}],"version-history":[{"count":152,"href":"https:\/\/autistasdemexico.org\/index.php\/wp-json\/wp\/v2\/pages\/21\/revisions"}],"predecessor-version":[{"id":2718,"href":"https:\/\/autistasdemexico.org\/index.php\/wp-json\/wp\/v2\/pages\/21\/revisions\/2718"}],"wp:attachment":[{"href":"https:\/\/autistasdemexico.org\/index.php\/wp-json\/wp\/v2\/media?parent=21"}],"curies":[{"name":"wp","href":"https:\/\/api.w.org\/{rel}","templated":true}]}}