{"id":2191,"date":"2025-09-28T17:48:49","date_gmt":"2025-09-28T17:48:49","guid":{"rendered":"https:\/\/autistasdemexico.org\/?page_id=2191"},"modified":"2026-04-13T11:20:11","modified_gmt":"2026-04-13T11:20:11","slug":"servicios","status":"publish","type":"page","link":"https:\/\/autistasdemexico.org\/index.php\/servicios\/","title":{"rendered":"Servicios"},"content":{"rendered":"\t\t<div data-elementor-type=\"wp-page\" data-elementor-id=\"2191\" class=\"elementor elementor-2191\">\n\t\t\t\t\t\t<section class=\"elementor-section elementor-top-section elementor-element elementor-element-780defd elementor-section-full_width elementor-section-stretched elementor-section-height-default elementor-section-height-default\" data-id=\"780defd\" data-element_type=\"section\" data-e-type=\"section\" data-settings=\"{&quot;stretch_section&quot;:&quot;section-stretched&quot;,&quot;background_background&quot;:&quot;slideshow&quot;,&quot;background_slideshow_gallery&quot;:[{&quot;id&quot;:1745,&quot;url&quot;:&quot;https:\\\/\\\/autistasdemexico.org\\\/wp-content\\\/uploads\\\/2025\\\/01\\\/2.jpeg&quot;},{&quot;id&quot;:1752,&quot;url&quot;:&quot;https:\\\/\\\/autistasdemexico.org\\\/wp-content\\\/uploads\\\/2025\\\/01\\\/3.jpeg&quot;}],&quot;background_slideshow_ken_burns&quot;:&quot;yes&quot;,&quot;tmea_shape_divider_top&quot;:&quot;none&quot;,&quot;tmea_shape_divider_bottom&quot;:&quot;none&quot;,&quot;background_slideshow_loop&quot;:&quot;yes&quot;,&quot;background_slideshow_slide_duration&quot;:5000,&quot;background_slideshow_slide_transition&quot;:&quot;fade&quot;,&quot;background_slideshow_transition_duration&quot;:500,&quot;background_slideshow_ken_burns_zoom_direction&quot;:&quot;in&quot;}\">\n\t\t\t\t\t\t\t<div class=\"elementor-background-overlay\"><\/div>\n\t\t\t\t\t\t\t<div class=\"elementor-container elementor-column-gap-default\">\n\t\t\t\t\t<div class=\"elementor-column elementor-col-100 elementor-top-column elementor-element elementor-element-e12e9d9\" data-id=\"e12e9d9\" data-element_type=\"column\" data-e-type=\"column\">\n\t\t\t<div class=\"elementor-widget-wrap elementor-element-populated\">\n\t\t\t\t\t\t<div class=\"elementor-element elementor-element-0df18d6 elementor-widget elementor-widget-heading\" data-id=\"0df18d6\" data-element_type=\"widget\" data-e-type=\"widget\" data-widget_type=\"heading.default\">\n\t\t\t\t<\/div>\n\t\t\n\t\t<div class=\"elementor-element elementor-element-5a9cb9d elementor-widget elementor-widget-gva-heading-block\" data-id=\"5a9cb9d\" data-element_type=\"widget\" data-e-type=\"widget\" data-widget_type=\"gva-heading-block.default\">\n\t\t\t\t<div class=\"elementor-widget-container\">\n\t\t\t\t\t<div class=\"gva-element-gva-heading-block gva-element\">   <div class=\"align-left style-1 widget gsc-heading box-align-center auto-responsive\">\r\n      <div class=\"content-inner\">\r\n         \r\n                  \r\n         <div class=\"sub-title\"><span class=\"tagline\">Ayudanos a servir a la comunidad<\/span><\/div>  \r\n         \r\n                     <h2 class=\"title\">\r\n               <span>Servicios Especializados<\/span>\r\n            <\/h2>\r\n                  \r\n         \r\n         \r\n      <\/div>\r\n   <\/div>\r\n<\/div>\t\t\t\t<\/div>\n\t\t\t\t<\/div>\n\t\t\t\t\t<\/div>\n\t\t<\/div>\n\t\t\t\t\t<\/div>\n\t\t<\/section>\n\t\t\t\t<section class=\"elementor-section elementor-top-section elementor-element elementor-element-a8decaf elementor-section-boxed elementor-section-height-default elementor-section-height-default\" data-id=\"a8decaf\" data-element_type=\"section\" data-e-type=\"section\" data-settings=\"{&quot;tmea_shape_divider_top&quot;:&quot;none&quot;,&quot;tmea_shape_divider_bottom&quot;:&quot;none&quot;}\">\n\t\t\t\t\t\t<div class=\"elementor-container elementor-column-gap-default\">\n\t\t\t\t\t<div class=\"elementor-column elementor-col-100 elementor-top-column elementor-element elementor-element-b3eaab4\" data-id=\"b3eaab4\" data-element_type=\"column\" data-e-type=\"column\">\n\t\t\t<div class=\"elementor-widget-wrap elementor-element-populated\">\n\t\t\t\t\t\t<div class=\"elementor-element elementor-element-baa596d elementor-widget-divider--view-line elementor-widget elementor-widget-divider\" data-id=\"baa596d\" data-element_type=\"widget\" data-e-type=\"widget\" data-widget_type=\"divider.default\">\n\t\t\t\t<div class=\"elementor-widget-container\">\n\t\t\t\t\t\t\t<div class=\"elementor-divider\">\n\t\t\t<span class=\"elementor-divider-separator\">\n\t\t\t\t\t\t<\/span>\n\t\t<\/div>\n\t\t\t\t\t\t<\/div>\n\t\t\t\t<\/div>\n\t\t\t\t\t<\/div>\n\t\t<\/div>\n\t\t\t\t\t<\/div>\n\t\t<\/section>\n\t\t\t\t<section class=\"elementor-section elementor-top-section elementor-element elementor-element-e1cc3ae elementor-section-boxed elementor-section-height-default elementor-section-height-default\" data-id=\"e1cc3ae\" data-element_type=\"section\" data-e-type=\"section\" data-settings=\"{&quot;tmea_shape_divider_top&quot;:&quot;none&quot;,&quot;tmea_shape_divider_bottom&quot;:&quot;none&quot;}\">\n\t\t\t\t\t\t<div class=\"elementor-container elementor-column-gap-default\">\n\t\t\t\t\t<div class=\"elementor-column elementor-col-100 elementor-top-column elementor-element elementor-element-36537e3\" data-id=\"36537e3\" data-element_type=\"column\" data-e-type=\"column\">\n\t\t\t<div class=\"elementor-widget-wrap elementor-element-populated\">\n\t\t\t\t\t\t<div class=\"elementor-element elementor-element-21f1c04 elementor-widget elementor-widget-spacer\" data-id=\"21f1c04\" data-element_type=\"widget\" data-e-type=\"widget\" data-widget_type=\"spacer.default\">\n\t\t\t\t<div class=\"elementor-widget-container\">\n\t\t\t\t\t\t\t<div class=\"elementor-spacer\">\n\t\t\t<div class=\"elementor-spacer-inner\"><\/div>\n\t\t<\/div>\n\t\t\t\t\t\t<\/div>\n\t\t\t\t<\/div>\n\t\t\t\t<div class=\"elementor-element elementor-element-c3995c7 elementor-widget elementor-widget-gva-heading-block\" data-id=\"c3995c7\" data-element_type=\"widget\" data-e-type=\"widget\" data-widget_type=\"gva-heading-block.default\">\n\t\t\t\t<div class=\"elementor-widget-container\">\n\t\t\t\t\t<div class=\"gva-element-gva-heading-block gva-element\">   <div class=\"align-center style-1 widget gsc-heading box-align-left auto-responsive\">\r\n      <div class=\"content-inner\">\r\n         \r\n                  \r\n         <div class=\"sub-title\"><span class=\"tagline\">Cada donaci\u00f3n cuenta<\/span><\/div>  \r\n         \r\n                     <h2 class=\"title\">\r\n               <span>Estamos aqu\u00ed para ayudar y construir un futuro m\u00e1s inclusivo.<\/span>\r\n            <\/h2>\r\n                  \r\n         \r\n         \r\n      <\/div>\r\n   <\/div>\r\n<\/div>\t\t\t\t<\/div>\n\t\t\t\t<\/div>\n\t\t\t\t<div class=\"elementor-element elementor-element-2187480 elementor-widget elementor-widget-spacer\" data-id=\"2187480\" data-element_type=\"widget\" data-e-type=\"widget\" data-widget_type=\"spacer.default\">\n\t\t\t\t<div class=\"elementor-widget-container\">\n\t\t\t\t\t\t\t<div class=\"elementor-spacer\">\n\t\t\t<div class=\"elementor-spacer-inner\"><\/div>\n\t\t<\/div>\n\t\t\t\t\t\t<\/div>\n\t\t\t\t<\/div>\n\t\t\t\t<div class=\"elementor-element elementor-element-8855867 elementor-widget elementor-widget-accordion\" data-id=\"8855867\" data-element_type=\"widget\" data-e-type=\"widget\" data-widget_type=\"accordion.default\">\n\t\t\t\t<div class=\"elementor-widget-container\">\n\t\t\t\t\t\t\t<div class=\"elementor-accordion\">\n\t\t\t\t\t\t\t<div class=\"elementor-accordion-item\">\n\t\t\t\t\t<div id=\"elementor-tab-title-1421\" class=\"elementor-tab-title\" data-tab=\"1\" role=\"button\" aria-controls=\"elementor-tab-content-1421\" aria-expanded=\"false\">\n\t\t\t\t\t\t\t\t\t\t\t\t\t<span class=\"elementor-accordion-icon elementor-accordion-icon-left\" aria-hidden=\"true\">\n\t\t\t\t\t\t\t\t\t\t\t\t\t\t\t<span class=\"elementor-accordion-icon-closed\"><i class=\"fas fa-chevron-down\"><\/i><\/span>\n\t\t\t\t\t\t\t\t<span class=\"elementor-accordion-icon-opened\"><i class=\"fas fa-chevron-up\"><\/i><\/span>\n\t\t\t\t\t\t\t\t\t\t\t\t\t\t<\/span>\n\t\t\t\t\t\t\t\t\t\t\t\t<a class=\"elementor-accordion-title\" tabindex=\"0\">Evaluaci\u00f3n de Diagn\u00f3stico Diferencial (Autismo y TDAH)<\/a>\n\t\t\t\t\t<\/div>\n\t\t\t\t\t<div id=\"elementor-tab-content-1421\" class=\"elementor-tab-content elementor-clearfix\" data-tab=\"1\" role=\"region\" aria-labelledby=\"elementor-tab-title-1421\"><p><img decoding=\"async\" class=\"wp-image-2664 size-thumbnail alignleft\" src=\"https:\/\/autistasdemexico.org\/wp-content\/uploads\/2026\/04\/BANN3-175x175.jpg\" alt=\"\" width=\"175\" height=\"175\" srcset=\"https:\/\/autistasdemexico.org\/wp-content\/uploads\/2026\/04\/BANN3-175x175.jpg 175w, https:\/\/autistasdemexico.org\/wp-content\/uploads\/2026\/04\/BANN3-300x300.jpg 300w, https:\/\/autistasdemexico.org\/wp-content\/uploads\/2026\/04\/BANN3-180x180.jpg 180w\" sizes=\"(max-width: 175px) 100vw, 175px\" \/><\/p><p>Un proceso integral que eval\u00faa simult\u00e1neamente autismo y TDAH (Atenci\u00f3n Divergente). La evidencia cient\u00edfica nos muestra que entre el 30% y el 80% de la poblaci\u00f3n autista tambi\u00e9n presenta este cruce en su neurobiolog\u00eda; por ello, explorar cl\u00ednicamente ambas \u00e1reas entrega el mapa de desarrollo m\u00e1s certero. Creemos firmemente en el acceso a la salud, por lo que agrupamos ambas valoraciones por una cuota de recuperaci\u00f3n equivalente a lo que habitualmente cubre un diagn\u00f3stico simple en otras instituciones.<\/p><\/div>\n\t\t\t\t<\/div>\n\t\t\t\t\t\t\t<div class=\"elementor-accordion-item\">\n\t\t\t\t\t<div id=\"elementor-tab-title-1422\" class=\"elementor-tab-title\" data-tab=\"2\" role=\"button\" aria-controls=\"elementor-tab-content-1422\" aria-expanded=\"false\">\n\t\t\t\t\t\t\t\t\t\t\t\t\t<span class=\"elementor-accordion-icon elementor-accordion-icon-left\" aria-hidden=\"true\">\n\t\t\t\t\t\t\t\t\t\t\t\t\t\t\t<span class=\"elementor-accordion-icon-closed\"><i class=\"fas fa-chevron-down\"><\/i><\/span>\n\t\t\t\t\t\t\t\t<span class=\"elementor-accordion-icon-opened\"><i class=\"fas fa-chevron-up\"><\/i><\/span>\n\t\t\t\t\t\t\t\t\t\t\t\t\t\t<\/span>\n\t\t\t\t\t\t\t\t\t\t\t\t<a class=\"elementor-accordion-title\" tabindex=\"0\">Mapeo de Perfil Sensorial<\/a>\n\t\t\t\t\t<\/div>\n\t\t\t\t\t<div id=\"elementor-tab-content-1422\" class=\"elementor-tab-content elementor-clearfix\" data-tab=\"2\" role=\"region\" aria-labelledby=\"elementor-tab-title-1422\"><p><img decoding=\"async\" class=\"wp-image-2671 size-thumbnail alignleft\" src=\"https:\/\/autistasdemexico.org\/wp-content\/uploads\/2026\/04\/bubble-175x175.jpg\" alt=\"\" width=\"175\" height=\"175\" srcset=\"https:\/\/autistasdemexico.org\/wp-content\/uploads\/2026\/04\/bubble-175x175.jpg 175w, https:\/\/autistasdemexico.org\/wp-content\/uploads\/2026\/04\/bubble-300x300.jpg 300w, https:\/\/autistasdemexico.org\/wp-content\/uploads\/2026\/04\/bubble-180x180.jpg 180w\" sizes=\"(max-width: 175px) 100vw, 175px\" \/><\/p><p>Comprender c\u00f3mo experimentamos luces, sonidos, olores y texturas no es un lujo, es una necesidad cl\u00ednica para detener las de sobrecargas continuas frente al entorno. Con esta valoraci\u00f3n t\u00e9cnica, obtienen una gu\u00eda detallada para dise\u00f1ar una &#8220;dieta sensorial&#8221; personalizada y respaldar de forma legal y estructurada la solicitud de &#8220;ajustes razonables&#8221; (ya sea en el aula de las infancias o en los espacios laborales adultos). Entregamos herramientas pr\u00e1cticas para restaurar el bienestar de todos los d\u00edas.<\/p><\/div>\n\t\t\t\t<\/div>\n\t\t\t\t\t\t\t<div class=\"elementor-accordion-item\">\n\t\t\t\t\t<div id=\"elementor-tab-title-1423\" class=\"elementor-tab-title\" data-tab=\"3\" role=\"button\" aria-controls=\"elementor-tab-content-1423\" aria-expanded=\"false\">\n\t\t\t\t\t\t\t\t\t\t\t\t\t<span class=\"elementor-accordion-icon elementor-accordion-icon-left\" aria-hidden=\"true\">\n\t\t\t\t\t\t\t\t\t\t\t\t\t\t\t<span class=\"elementor-accordion-icon-closed\"><i class=\"fas fa-chevron-down\"><\/i><\/span>\n\t\t\t\t\t\t\t\t<span class=\"elementor-accordion-icon-opened\"><i class=\"fas fa-chevron-up\"><\/i><\/span>\n\t\t\t\t\t\t\t\t\t\t\t\t\t\t<\/span>\n\t\t\t\t\t\t\t\t\t\t\t\t<a class=\"elementor-accordion-title\" tabindex=\"0\">Evaluaci\u00f3n de Altas Capacidades<\/a>\n\t\t\t\t\t<\/div>\n\t\t\t\t\t<div id=\"elementor-tab-content-1423\" class=\"elementor-tab-content elementor-clearfix\" data-tab=\"3\" role=\"region\" aria-labelledby=\"elementor-tab-title-1423\"><p><img decoding=\"async\" class=\"wp-image-2670 size-thumbnail alignleft\" src=\"https:\/\/autistasdemexico.org\/wp-content\/uploads\/2026\/04\/improving_skills_in_autistic_children-175x175.jpg\" alt=\"\" width=\"175\" height=\"175\" srcset=\"https:\/\/autistasdemexico.org\/wp-content\/uploads\/2026\/04\/improving_skills_in_autistic_children-175x175.jpg 175w, https:\/\/autistasdemexico.org\/wp-content\/uploads\/2026\/04\/improving_skills_in_autistic_children-300x300.jpg 300w, https:\/\/autistasdemexico.org\/wp-content\/uploads\/2026\/04\/improving_skills_in_autistic_children-180x180.jpg 180w\" sizes=\"(max-width: 175px) 100vw, 175px\" \/><\/p><p>Esta evaluaci\u00f3n perfila las rutas cognitivas de la persona, descubriendo c\u00f3mo se manifiestan sus talentos a nivel neurol\u00f3gico. A menudo, las infancias y las personas adultas neurodivergentes con altas capacidades experimentan rechazo, frustraci\u00f3n y profunda ansiedad al intentar encajar en curr\u00edculas e instituciones tradicionales. Identificar esta coocurrencia esclarece la verdadera ra\u00edz de numerosos retos de adaptaci\u00f3n, aportando estrategias para potenciar fortalezas sin forzar el desarrollo desde el molde equivocado.<\/p><\/div>\n\t\t\t\t<\/div>\n\t\t\t\t\t\t\t<div class=\"elementor-accordion-item\">\n\t\t\t\t\t<div id=\"elementor-tab-title-1424\" class=\"elementor-tab-title\" data-tab=\"4\" role=\"button\" aria-controls=\"elementor-tab-content-1424\" aria-expanded=\"false\">\n\t\t\t\t\t\t\t\t\t\t\t\t\t<span class=\"elementor-accordion-icon elementor-accordion-icon-left\" aria-hidden=\"true\">\n\t\t\t\t\t\t\t\t\t\t\t\t\t\t\t<span class=\"elementor-accordion-icon-closed\"><i class=\"fas fa-chevron-down\"><\/i><\/span>\n\t\t\t\t\t\t\t\t<span class=\"elementor-accordion-icon-opened\"><i class=\"fas fa-chevron-up\"><\/i><\/span>\n\t\t\t\t\t\t\t\t\t\t\t\t\t\t<\/span>\n\t\t\t\t\t\t\t\t\t\t\t\t<a class=\"elementor-accordion-title\" tabindex=\"0\">Curso b\u00e1sico de Neurodiversidad<span id=\"CBN\"><\/span><\/a>\n\t\t\t\t\t<\/div>\n\t\t\t\t\t<div id=\"elementor-tab-content-1424\" class=\"elementor-tab-content elementor-clearfix\" data-tab=\"4\" role=\"region\" aria-labelledby=\"elementor-tab-title-1424\"><p>\u00a0<\/p><p><img loading=\"lazy\" decoding=\"async\" class=\"alignleft wp-image-2431 size-thumbnail\" src=\"https:\/\/autistasdemexico.org\/wp-content\/uploads\/2025\/10\/Kenny-Eliason-Unsplash-Image-175x175.jpg\" alt=\"\" width=\"175\" height=\"175\" srcset=\"https:\/\/autistasdemexico.org\/wp-content\/uploads\/2025\/10\/Kenny-Eliason-Unsplash-Image-175x175.jpg 175w, https:\/\/autistasdemexico.org\/wp-content\/uploads\/2025\/10\/Kenny-Eliason-Unsplash-Image-300x300.jpg 300w, https:\/\/autistasdemexico.org\/wp-content\/uploads\/2025\/10\/Kenny-Eliason-Unsplash-Image-180x180.jpg 180w\" sizes=\"(max-width: 175px) 100vw, 175px\" \/><\/p><p><span style=\"font-weight: 400;\">Curso introductorio que ense\u00f1a principios de neurodiversidad, promoviendo comprensi\u00f3n, respeto y herramientas para apoyar a personas autistas efectivamente.<\/span><\/p><\/div>\n\t\t\t\t<\/div>\n\t\t\t\t\t\t\t\t<\/div>\n\t\t\t\t\t\t<\/div>\n\t\t\t\t<\/div>\n\t\t\t\t\t<\/div>\n\t\t<\/div>\n\t\t\t\t\t<\/div>\n\t\t<\/section>\n\t\t\t\t<section class=\"elementor-section elementor-top-section elementor-element elementor-element-57206fc elementor-section-boxed elementor-section-height-default elementor-section-height-default\" data-id=\"57206fc\" data-element_type=\"section\" data-e-type=\"section\" data-settings=\"{&quot;tmea_shape_divider_top&quot;:&quot;none&quot;,&quot;tmea_shape_divider_bottom&quot;:&quot;none&quot;}\">\n\t\t\t\t\t\t<div class=\"elementor-container elementor-column-gap-default\">\n\t\t\t\t\t<div class=\"elementor-column elementor-col-100 elementor-top-column elementor-element elementor-element-a028303\" data-id=\"a028303\" data-element_type=\"column\" data-e-type=\"column\">\n\t\t\t<div class=\"elementor-widget-wrap elementor-element-populated\">\n\t\t\t\t\t\t<div class=\"elementor-element elementor-element-bdf98a9 elementor-widget elementor-widget-spacer\" data-id=\"bdf98a9\" data-element_type=\"widget\" data-e-type=\"widget\" data-widget_type=\"spacer.default\">\n\t\t\t\t<div class=\"elementor-widget-container\">\n\t\t\t\t\t\t\t<div class=\"elementor-spacer\">\n\t\t\t<div class=\"elementor-spacer-inner\"><\/div>\n\t\t<\/div>\n\t\t\t\t\t\t<\/div>\n\t\t\t\t<\/div>\n\t\t\t\t<div class=\"elementor-element elementor-element-3f40e7c elementor-widget elementor-widget-gva-heading-block\" data-id=\"3f40e7c\" data-element_type=\"widget\" data-e-type=\"widget\" data-widget_type=\"gva-heading-block.default\">\n\t\t\t\t<div class=\"elementor-widget-container\">\n\t\t\t\t\t<div class=\"gva-element-gva-heading-block gva-element\">   <div class=\"align-center style-1 widget gsc-heading box-align-left auto-responsive\">\r\n      <div class=\"content-inner\">\r\n         \r\n                  \r\n         <div class=\"sub-title\"><span class=\"tagline\">\u00bfBuscas tu diagn\u00f3stico?<\/span><\/div>  \r\n         \r\n                     <h2 class=\"title\">\r\n               <span>Dos organizaciones, un mismo compromiso con la comunidad autista<\/span>\r\n            <\/h2>\r\n                  \r\n         \r\n         \r\n      <\/div>\r\n   <\/div>\r\n<\/div>\t\t\t\t<\/div>\n\t\t\t\t<\/div>\n\t\t\t\t<div class=\"elementor-element elementor-element-564aa15 elementor-widget elementor-widget-spacer\" data-id=\"564aa15\" data-element_type=\"widget\" data-e-type=\"widget\" data-widget_type=\"spacer.default\">\n\t\t\t\t<div class=\"elementor-widget-container\">\n\t\t\t\t\t\t\t<div class=\"elementor-spacer\">\n\t\t\t<div class=\"elementor-spacer-inner\"><\/div>\n\t\t<\/div>\n\t\t\t\t\t\t<\/div>\n\t\t\t\t<\/div>\n\t\t\t\t\t<\/div>\n\t\t<\/div>\n\t\t\t\t\t<\/div>\n\t\t<\/section>\n\t\t\t\t<section class=\"elementor-section elementor-top-section elementor-element elementor-element-3f8bf40 elementor-section-boxed elementor-section-height-default elementor-section-height-default\" data-id=\"3f8bf40\" data-element_type=\"section\" data-e-type=\"section\" data-settings=\"{&quot;tmea_shape_divider_top&quot;:&quot;none&quot;,&quot;tmea_shape_divider_bottom&quot;:&quot;none&quot;}\">\n\t\t\t\t\t\t<div class=\"elementor-container elementor-column-gap-default\">\n\t\t\t\t\t<div class=\"elementor-column elementor-col-100 elementor-top-column elementor-element elementor-element-a23c176\" data-id=\"a23c176\" data-element_type=\"column\" data-e-type=\"column\">\n\t\t\t<div class=\"elementor-widget-wrap elementor-element-populated\">\n\t\t\t\t\t\t<section class=\"elementor-section elementor-inner-section elementor-element elementor-element-74d7ef2 elementor-section-boxed elementor-section-height-default elementor-section-height-default\" data-id=\"74d7ef2\" data-element_type=\"section\" data-e-type=\"section\" data-settings=\"{&quot;tmea_shape_divider_top&quot;:&quot;none&quot;,&quot;tmea_shape_divider_bottom&quot;:&quot;none&quot;}\">\n\t\t\t\t\t\t<div class=\"elementor-container elementor-column-gap-default\">\n\t\t\t\t\t<div class=\"elementor-column elementor-col-50 elementor-inner-column elementor-element elementor-element-fd35450\" data-id=\"fd35450\" data-element_type=\"column\" data-e-type=\"column\">\n\t\t\t<div class=\"elementor-widget-wrap elementor-element-populated\">\n\t\t\t\t\t\t<div class=\"elementor-element elementor-element-3331baf elementor-widget elementor-widget-image\" data-id=\"3331baf\" data-element_type=\"widget\" data-e-type=\"widget\" data-widget_type=\"image.default\">\n\t\t\t\t<div class=\"elementor-widget-container\">\n\t\t\t\t\t\t\t\t\t\t\t\t\t\t\t<img loading=\"lazy\" decoding=\"async\" width=\"576\" height=\"1024\" src=\"https:\/\/autistasdemexico.org\/wp-content\/uploads\/2026\/04\/Infografia-576x1024.jpg\" class=\"attachment-large size-large wp-image-2694\" alt=\"\" srcset=\"https:\/\/autistasdemexico.org\/wp-content\/uploads\/2026\/04\/Infografia-576x1024.jpg 576w, https:\/\/autistasdemexico.org\/wp-content\/uploads\/2026\/04\/Infografia-768x1365.jpg 768w, https:\/\/autistasdemexico.org\/wp-content\/uploads\/2026\/04\/Infografia-600x1067.jpg 600w, https:\/\/autistasdemexico.org\/wp-content\/uploads\/2026\/04\/Infografia.jpg 1080w\" sizes=\"(max-width: 576px) 100vw, 576px\" \/>\t\t\t\t\t\t\t\t\t\t\t\t\t\t\t<\/div>\n\t\t\t\t<\/div>\n\t\t\t\t\t<\/div>\n\t\t<\/div>\n\t\t\t\t<div class=\"elementor-column elementor-col-50 elementor-inner-column elementor-element elementor-element-8e1691d\" data-id=\"8e1691d\" data-element_type=\"column\" data-e-type=\"column\">\n\t\t\t<div class=\"elementor-widget-wrap elementor-element-populated\">\n\t\t\t\t\t\t<div class=\"elementor-element elementor-element-5d628e6 elementor-widget elementor-widget-text-editor\" data-id=\"5d628e6\" data-element_type=\"widget\" data-e-type=\"widget\" data-widget_type=\"text-editor.default\">\n\t\t\t\t<div class=\"elementor-widget-container\">\n\t\t\t\t\t\t\t\t\t<p><strong>Autistas de M\u00e9xico<\/strong> y <strong>Pulso Autista<\/strong> somos organizaciones aliadas trabajando en perfecta sinergia. Para ofrecerte un mejor nivel de atenci\u00f3n, hemos dividido nuestras \u00e1reas de especialidad: mientras que Autistas de M\u00e9xico (A.C.) contin\u00faa su incansable labor de activismo e impacto social, Pulso Autista asume el compromiso exclusivo de brindarte servicios de diagn\u00f3stico y acompa\u00f1amiento terap\u00e9utico especializados.<\/p><p>Esta alianza fortalece nuestra pr\u00e1ctica cl\u00ednica y te beneficia a ti. Queremos transmitirte la tranquilidad absoluta de que la solidez, la empat\u00eda y la mirada afirmativa de la neurodiversidad por la que nos conoces, permanecen intactas. El mismo equipo de especialistas y el rigor \u00e9tico que construyeron nuestra trayectoria son los pilares sobre los que opera Pulso Autista.<\/p><p>Si llegaste buscando nuestro servicio o fuiste recomendado con nosotros, ten la seguridad de que <strong>est\u00e1s en las mejores manos<\/strong>. Hemos especializado nuestra estructura cl\u00ednica para acompa\u00f1arte en tu proceso con el profesionalismo y el respeto que mereces.<\/p><p>Encuentra nuestros servicios <a href=\"https:\/\/forms.gle\/tLobuxg423SsbiGJ9\">AQU\u00cd<\/a><\/p>\t\t\t\t\t\t\t\t<\/div>\n\t\t\t\t<\/div>\n\t\t\t\t\t<\/div>\n\t\t<\/div>\n\t\t\t\t\t<\/div>\n\t\t<\/section>\n\t\t\t\t\t<\/div>\n\t\t<\/div>\n\t\t\t\t\t<\/div>\n\t\t<\/section>\n\t\t\t\t<\/div>\n\t\t","protected":false},"excerpt":{"rendered":"<p>Ayudanos a servir a la comunidad Servicios Especializados Cada donaci\u00f3n cuenta Estamos aqu\u00ed para ayudar y construir un futuro m\u00e1s inclusivo. Evaluaci\u00f3n de Diagn\u00f3stico Diferencial (Autismo y TDAH) Un proceso [&hellip;]<\/p>\n","protected":false},"author":1,"featured_media":0,"parent":0,"menu_order":0,"comment_status":"closed","ping_status":"closed","template":"","meta":{"give_campaign_id":0,"_coblocks_attr":"","_coblocks_dimensions":"","_coblocks_responsive_height":"","_coblocks_accordion_ie_support":"","footnotes":""},"class_list":["post-2191","page","type-page","status-publish","hentry"],"campaignId":"","_links":{"self":[{"href":"https:\/\/autistasdemexico.org\/index.php\/wp-json\/wp\/v2\/pages\/2191","targetHints":{"allow":["GET"]}}],"collection":[{"href":"https:\/\/autistasdemexico.org\/index.php\/wp-json\/wp\/v2\/pages"}],"about":[{"href":"https:\/\/autistasdemexico.org\/index.php\/wp-json\/wp\/v2\/types\/page"}],"author":[{"embeddable":true,"href":"https:\/\/autistasdemexico.org\/index.php\/wp-json\/wp\/v2\/users\/1"}],"replies":[{"embeddable":true,"href":"https:\/\/autistasdemexico.org\/index.php\/wp-json\/wp\/v2\/comments?post=2191"}],"version-history":[{"count":195,"href":"https:\/\/autistasdemexico.org\/index.php\/wp-json\/wp\/v2\/pages\/2191\/revisions"}],"predecessor-version":[{"id":2697,"href":"https:\/\/autistasdemexico.org\/index.php\/wp-json\/wp\/v2\/pages\/2191\/revisions\/2697"}],"wp:attachment":[{"href":"https:\/\/autistasdemexico.org\/index.php\/wp-json\/wp\/v2\/media?parent=2191"}],"curies":[{"name":"wp","href":"https:\/\/api.w.org\/{rel}","templated":true}]}}